{"id":17799,"date":"2022-03-08T09:48:59","date_gmt":"2022-03-08T09:48:59","guid":{"rendered":"http:\/\/suleymanturkoglu.com\/index.php\/home-1\/"},"modified":"2025-05-13T22:21:02","modified_gmt":"2025-05-13T19:21:02","slug":"home-1","status":"publish","type":"page","link":"https:\/\/iletim.istanbul.edu.tr\/","title":{"rendered":"Home 1"},"content":{"rendered":"<div class=\"wpb-content-wrapper\"><p>[vc_row full_width=&#8221;stretch_row&#8221; vc_row_background=&#8221;&#8221; css=&#8221;.vc_custom_1520846852047{margin-top: -30px !important;border-bottom-width: 1px !important;border-bottom-color: #e0e0e0 !important;border-bottom-style: solid !important;}&#8221;][vc_column offset=&#8221;vc_hidden-lg vc_hidden-md&#8221;][vc_empty_space height=&#8221;10px&#8221;][\/vc_column][vc_column]<div  class=\"jeg_breakingnews clearfix jnews_module__0_69f4904c06672 vc_custom_1652354241781  \">\n                <div class=\"jeg_breakingnews_title\"><i class=\"fas fa-bolt\">&nbsp;<\/i> <span>SICAK HABERLER<\/span><\/div>\n\n                <div class=\"jeg_news_ticker\" data-autoplay='true' data-delay='3500' data-animation='horizontal'>\n                    <div class=\"jeg_news_ticker_items\">\n                        <div class=\"jeg_news_ticker_item jeg_news_ticker_animated jeg_news_ticker_active format-standard\">\n                <span>\n                    <a href=\"https:\/\/iletim.istanbul.edu.tr\/index.php\/2026\/04\/30\/anadolu-ajansinin-dijital-sistemleri-ve-egitim-modeli-tanitildi\/\" >Anadolu Ajans\u0131\u2019n\u0131n Dijital Sistemleri ve E\u011fitim Modeli Tan\u0131t\u0131ld\u0131<\/a>\n                <\/span>\n                <span class=\"post-date\">\n                    30 Nisan 2026\n                <\/span>\n            <\/div><div class=\"jeg_news_ticker_item jeg_news_ticker_animated  format-standard\">\n                <span>\n                    <a href=\"https:\/\/iletim.istanbul.edu.tr\/index.php\/2026\/04\/30\/yapay-zeka-caginda-dezenformasyon-ve-dogrulama\/\" >Yapay Zeka \u00c7a\u011f\u0131nda Dezenformasyon Konu\u015fuldu<\/a>\n                <\/span>\n                <span class=\"post-date\">\n                    30 Nisan 2026\n                <\/span>\n            <\/div><div class=\"jeg_news_ticker_item jeg_news_ticker_animated  format-standard\">\n                <span>\n                    <a href=\"https:\/\/iletim.istanbul.edu.tr\/index.php\/2026\/04\/30\/disneyden-calisanlarina-yapay-zeka-takibi\/\" >Disney\u2019den \u00c7al\u0131\u015fanlar\u0131na Yapay Zeka Takibi<\/a>\n                <\/span>\n                <span class=\"post-date\">\n                    30 Nisan 2026\n                <\/span>\n            <\/div><div class=\"jeg_news_ticker_item jeg_news_ticker_animated  format-standard\">\n                <span>\n                    <a href=\"https:\/\/iletim.istanbul.edu.tr\/index.php\/2026\/04\/30\/kariyer-gunlugunun-2-gunu-gerceklesti\/\" >Kariyer G\u00fcnl\u00fc\u011f\u00fc&#8217;n\u00fcn 2. G\u00fcn\u00fc Ger\u00e7ekle\u015fti<\/a>\n                <\/span>\n                <span class=\"post-date\">\n                    30 Nisan 2026\n                <\/span>\n            <\/div><div class=\"jeg_news_ticker_item jeg_news_ticker_animated  format-standard\">\n                <span>\n                    <a href=\"https:\/\/iletim.istanbul.edu.tr\/index.php\/2026\/04\/29\/gelecege-ilk-adim-istanbul-universitesi-kariyer-gunleri\/\" >Gelece\u011fe \u0130lk Ad\u0131m: \u0130stanbul \u00dcniversitesi Kariyer G\u00fcnleri\u00a0<\/a>\n                <\/span>\n                <span class=\"post-date\">\n                    29 Nisan 2026\n                <\/span>\n            <\/div>\n                    <\/div>\n                    <div class=\"jeg_news_ticker_control\">\n                        <div class=\"jeg_news_ticker_next jeg_news_ticker_arrow\"><span>\u0130leri<\/span><\/div>\n                        <div class=\"jeg_news_ticker_prev jeg_news_ticker_arrow\"><span>Sonras\u0131<\/span><\/div>\n                    <\/div>\n                <\/div>\n                <style>.jnews_module__0_69f4904c06672 .jeg_breakingnews_title { background: #ffffff; }.jnews_module__0_69f4904c06672 .jeg_breakingnews_title { color: #171717; }<\/style>\n            <\/div>[\/vc_column][\/vc_row][vc_row full_width=&#8221;stretch_row&#8221; vc_row_background=&#8221;&#8221; css=&#8221;.vc_custom_1521098579413{margin-bottom: 40px !important;border-bottom-width: 1px !important;background-color: #f7f7f7 !important;border-bottom-color: #eeeeee !important;border-bottom-style: solid !important;}&#8221;][vc_column width=&#8221;2\/3&#8243; offset=&#8221;vc_hidden-sm vc_hidden-xs&#8221;][vc_empty_space height=&#8221;15px&#8221;]<div  class=\"jeg_slider_wrapper jeg_slider_type_1_wrapper jnews_module__1_69f4904c08d2f  \">\n                    <div class=\"jeg_slider_type_1 jeg_slider\" data-autoplay=\"\" data-delay=\"3000\" data-hover-action=\"\">\n                        <div class=\"jeg_slide_item\">\n                    \n                    <a href=\"https:\/\/iletim.istanbul.edu.tr\/index.php\/2026\/04\/30\/anadolu-ajansinin-dijital-sistemleri-ve-egitim-modeli-tanitildi\/\" aria-label=\"Read article: Anadolu Ajans\u0131\u2019n\u0131n Dijital Sistemleri ve E\u011fitim Modeli Tan\u0131t\u0131ld\u0131\" class=\"jeg_slide_img\"><div class=\"thumbnail-container  size-500 \"><img loading=\"lazy\" decoding=\"async\" width=\"1140\" height=\"570\" src=\"https:\/\/iletim.istanbul.edu.tr\/wp-content\/themes\/jnews\/assets\/img\/jeg-empty.png\" class=\"attachment-jnews-1140x570 size-jnews-1140x570 owl-lazy lazyload\" alt=\"Anadolu Ajans\u0131\u2019n\u0131n Dijital Sistemleri ve E\u011fitim Modeli Tan\u0131t\u0131ld\u0131\" sizes=\"auto, (max-width: 1140px) 100vw, 1140px\" data-src=\"https:\/\/iletim.istanbul.edu.tr\/wp-content\/uploads\/img-9237-1140x570.jpg\" \/><\/div><\/a>\n                    <div class=\"jeg_slide_caption\">\n                        <div class=\"jeg_caption_container\">\n                            <div class=\"jeg_post_category\">\n                                <a href=\"https:\/\/iletim.istanbul.edu.tr\/index.php\/category\/genel\/\" class=\"category-genel\">Genel<\/a>\n                            <\/div>\n                            <h2 class=\"jeg_post_title\">\n                                <a href=\"https:\/\/iletim.istanbul.edu.tr\/index.php\/2026\/04\/30\/anadolu-ajansinin-dijital-sistemleri-ve-egitim-modeli-tanitildi\/\" >Anadolu Ajans\u0131\u2019n\u0131n Dijital Sistemleri ve E\u011fitim Modeli Tan\u0131t\u0131ld\u0131<\/a>\n                            <\/h2>\n                            <div class=\"jeg_post_meta\"><span class=\"jeg_meta_author\">Taraf\u0131ndan <a href=\"https:\/\/iletim.istanbul.edu.tr\/index.php\/author\/iletim\/\">\u0130LET\u0130M<\/a><\/span><span class=\"jeg_meta_date\">30 Nisan 2026<\/span><\/div>\n                        <\/div>\n                    <\/div>\n                <\/div><div class=\"jeg_slide_item\">\n                    \n                    <a href=\"https:\/\/iletim.istanbul.edu.tr\/index.php\/2026\/04\/30\/yapay-zeka-caginda-dezenformasyon-ve-dogrulama\/\" aria-label=\"Read article: Yapay Zeka \u00c7a\u011f\u0131nda Dezenformasyon Konu\u015fuldu\" class=\"jeg_slide_img\"><div class=\"thumbnail-container  size-500 \"><img loading=\"lazy\" decoding=\"async\" width=\"1140\" height=\"570\" src=\"https:\/\/iletim.istanbul.edu.tr\/wp-content\/themes\/jnews\/assets\/img\/jeg-empty.png\" class=\"attachment-jnews-1140x570 size-jnews-1140x570 owl-lazy lazyload\" alt=\"\" sizes=\"auto, (max-width: 1140px) 100vw, 1140px\" data-src=\"https:\/\/iletim.istanbul.edu.tr\/wp-content\/uploads\/img-3653-1140x570.jpg\" \/><\/div><\/a>\n                    <div class=\"jeg_slide_caption\">\n                        <div class=\"jeg_caption_container\">\n                            <div class=\"jeg_post_category\">\n                                <a href=\"https:\/\/iletim.istanbul.edu.tr\/index.php\/category\/genel\/\" class=\"category-genel\">Genel<\/a>\n                            <\/div>\n                            <h2 class=\"jeg_post_title\">\n                                <a href=\"https:\/\/iletim.istanbul.edu.tr\/index.php\/2026\/04\/30\/yapay-zeka-caginda-dezenformasyon-ve-dogrulama\/\" >Yapay Zeka \u00c7a\u011f\u0131nda Dezenformasyon Konu\u015fuldu<\/a>\n                            <\/h2>\n                            <div class=\"jeg_post_meta\"><span class=\"jeg_meta_author\">Taraf\u0131ndan <a href=\"https:\/\/iletim.istanbul.edu.tr\/index.php\/author\/iletim\/\">\u0130LET\u0130M<\/a><\/span><span class=\"jeg_meta_date\">30 Nisan 2026<\/span><\/div>\n                        <\/div>\n                    <\/div>\n                <\/div><div class=\"jeg_slide_item\">\n                    \n                    <a href=\"https:\/\/iletim.istanbul.edu.tr\/index.php\/2026\/04\/30\/disneyden-calisanlarina-yapay-zeka-takibi\/\" aria-label=\"Read article: Disney\u2019den \u00c7al\u0131\u015fanlar\u0131na Yapay Zeka Takibi\" class=\"jeg_slide_img\"><div class=\"thumbnail-container  size-500 \"><img loading=\"lazy\" decoding=\"async\" width=\"1140\" height=\"570\" src=\"https:\/\/iletim.istanbul.edu.tr\/wp-content\/themes\/jnews\/assets\/img\/jeg-empty.png\" class=\"attachment-jnews-1140x570 size-jnews-1140x570 owl-lazy lazyload\" alt=\"Disney\u2019den \u00c7al\u0131\u015fanlar\u0131na Yapay Zeka Takibi\" sizes=\"auto, (max-width: 1140px) 100vw, 1140px\" data-src=\"https:\/\/iletim.istanbul.edu.tr\/wp-content\/uploads\/9-1-1140x570.jpeg\" \/><\/div><\/a>\n                    <div class=\"jeg_slide_caption\">\n                        <div class=\"jeg_caption_container\">\n                            <div class=\"jeg_post_category\">\n                                <a href=\"https:\/\/iletim.istanbul.edu.tr\/index.php\/category\/bilim\/\" class=\"category-bilim\">Bilim<\/a>\n                            <\/div>\n                            <h2 class=\"jeg_post_title\">\n                                <a href=\"https:\/\/iletim.istanbul.edu.tr\/index.php\/2026\/04\/30\/disneyden-calisanlarina-yapay-zeka-takibi\/\" >Disney\u2019den \u00c7al\u0131\u015fanlar\u0131na Yapay Zeka Takibi<\/a>\n                            <\/h2>\n                            <div class=\"jeg_post_meta\"><span class=\"jeg_meta_author\">Taraf\u0131ndan <a href=\"https:\/\/iletim.istanbul.edu.tr\/index.php\/author\/iletim\/\">\u0130LET\u0130M<\/a><\/span><span class=\"jeg_meta_date\">30 Nisan 2026<\/span><\/div>\n                        <\/div>\n                    <\/div>\n                <\/div><div class=\"jeg_slide_item\">\n                    \n                    <a href=\"https:\/\/iletim.istanbul.edu.tr\/index.php\/2026\/04\/30\/kariyer-gunlugunun-2-gunu-gerceklesti\/\" aria-label=\"Read article: Kariyer G\u00fcnl\u00fc\u011f\u00fc&#8217;n\u00fcn 2. G\u00fcn\u00fc Ger\u00e7ekle\u015fti\" class=\"jeg_slide_img\"><div class=\"thumbnail-container custom-size size-500 \"><\/div><\/a>\n                    <div class=\"jeg_slide_caption\">\n                        <div class=\"jeg_caption_container\">\n                            <div class=\"jeg_post_category\">\n                                <a href=\"https:\/\/iletim.istanbul.edu.tr\/index.php\/category\/bilim\/\" class=\"category-bilim\">Bilim<\/a>\n                            <\/div>\n                            <h2 class=\"jeg_post_title\">\n                                <a href=\"https:\/\/iletim.istanbul.edu.tr\/index.php\/2026\/04\/30\/kariyer-gunlugunun-2-gunu-gerceklesti\/\" >Kariyer G\u00fcnl\u00fc\u011f\u00fc&#8217;n\u00fcn 2. G\u00fcn\u00fc Ger\u00e7ekle\u015fti<\/a>\n                            <\/h2>\n                            <div class=\"jeg_post_meta\"><span class=\"jeg_meta_author\">Taraf\u0131ndan <a href=\"https:\/\/iletim.istanbul.edu.tr\/index.php\/author\/iletim\/\">\u0130LET\u0130M<\/a><\/span><span class=\"jeg_meta_date\">30 Nisan 2026<\/span><\/div>\n                        <\/div>\n                    <\/div>\n                <\/div><div class=\"jeg_slide_item\">\n                    \n                    <a href=\"https:\/\/iletim.istanbul.edu.tr\/index.php\/2026\/04\/29\/gelecege-ilk-adim-istanbul-universitesi-kariyer-gunleri\/\" aria-label=\"Read article: Gelece\u011fe \u0130lk Ad\u0131m: \u0130stanbul \u00dcniversitesi Kariyer G\u00fcnleri\u00a0\" class=\"jeg_slide_img\"><div class=\"thumbnail-container  size-500 \"><img loading=\"lazy\" decoding=\"async\" width=\"1140\" height=\"570\" src=\"https:\/\/iletim.istanbul.edu.tr\/wp-content\/themes\/jnews\/assets\/img\/jeg-empty.png\" class=\"attachment-jnews-1140x570 size-jnews-1140x570 owl-lazy lazyload\" alt=\"Gelece\u011fe \u0130lk Ad\u0131m: \u0130stanbul \u00dcniversitesi Kariyer G\u00fcnleri\u00a0\" sizes=\"auto, (max-width: 1140px) 100vw, 1140px\" data-src=\"https:\/\/iletim.istanbul.edu.tr\/wp-content\/uploads\/img-8924-2-1140x570.jpg\" \/><\/div><\/a>\n                    <div class=\"jeg_slide_caption\">\n                        <div class=\"jeg_caption_container\">\n                            <div class=\"jeg_post_category\">\n                                <a href=\"https:\/\/iletim.istanbul.edu.tr\/index.php\/category\/egitim\/\" class=\"category-egitim\">E\u011fitim<\/a>\n                            <\/div>\n                            <h2 class=\"jeg_post_title\">\n                                <a href=\"https:\/\/iletim.istanbul.edu.tr\/index.php\/2026\/04\/29\/gelecege-ilk-adim-istanbul-universitesi-kariyer-gunleri\/\" >Gelece\u011fe \u0130lk Ad\u0131m: \u0130stanbul \u00dcniversitesi Kariyer G\u00fcnleri\u00a0<\/a>\n                            <\/h2>\n                            <div class=\"jeg_post_meta\"><span class=\"jeg_meta_author\">Taraf\u0131ndan <a href=\"https:\/\/iletim.istanbul.edu.tr\/index.php\/author\/iletim\/\">\u0130LET\u0130M<\/a><\/span><span class=\"jeg_meta_date\">29 Nisan 2026<\/span><\/div>\n                        <\/div>\n                    <\/div>\n                <\/div><div class=\"jeg_slide_item\">\n                    \n                    <a href=\"https:\/\/iletim.istanbul.edu.tr\/index.php\/2026\/04\/29\/is-hayati-101-etkinligi-duzenlendi\/\" aria-label=\"Read article: \u0130\u015f Hayat\u0131 101 Etkinli\u011fi D\u00fczenlendi\" class=\"jeg_slide_img\"><div class=\"thumbnail-container  size-500 \"><img loading=\"lazy\" decoding=\"async\" width=\"1140\" height=\"570\" src=\"https:\/\/iletim.istanbul.edu.tr\/wp-content\/themes\/jnews\/assets\/img\/jeg-empty.png\" class=\"attachment-jnews-1140x570 size-jnews-1140x570 owl-lazy lazyload\" alt=\"\u0130\u015f Hayat\u0131 101 Etkinli\u011fi D\u00fczenlendi\" sizes=\"auto, (max-width: 1140px) 100vw, 1140px\" data-src=\"https:\/\/iletim.istanbul.edu.tr\/wp-content\/uploads\/20260427-155009-1-1-1-1140x570.jpg\" \/><\/div><\/a>\n                    <div class=\"jeg_slide_caption\">\n                        <div class=\"jeg_caption_container\">\n                            <div class=\"jeg_post_category\">\n                                <a href=\"https:\/\/iletim.istanbul.edu.tr\/index.php\/category\/egitim\/\" class=\"category-egitim\">E\u011fitim<\/a>\n                            <\/div>\n                            <h2 class=\"jeg_post_title\">\n                                <a href=\"https:\/\/iletim.istanbul.edu.tr\/index.php\/2026\/04\/29\/is-hayati-101-etkinligi-duzenlendi\/\" >\u0130\u015f Hayat\u0131 101 Etkinli\u011fi D\u00fczenlendi<\/a>\n                            <\/h2>\n                            <div class=\"jeg_post_meta\"><span class=\"jeg_meta_author\">Taraf\u0131ndan <a href=\"https:\/\/iletim.istanbul.edu.tr\/index.php\/author\/iletim\/\">\u0130LET\u0130M<\/a><\/span><span class=\"jeg_meta_date\">29 Nisan 2026<\/span><\/div>\n                        <\/div>\n                    <\/div>\n                <\/div><div class=\"jeg_slide_item\">\n                    \n                    <a href=\"https:\/\/iletim.istanbul.edu.tr\/index.php\/2026\/04\/27\/turk-musikisi-ve-tarih-ayni-sahnede-bulustu\/\" aria-label=\"Read article: T\u00fcrk Musikisi ve Tarih Ayn\u0131 Sahnede Bulu\u015ftu\" class=\"jeg_slide_img\"><div class=\"thumbnail-container  size-500 \"><img loading=\"lazy\" decoding=\"async\" width=\"1140\" height=\"570\" src=\"https:\/\/iletim.istanbul.edu.tr\/wp-content\/themes\/jnews\/assets\/img\/jeg-empty.png\" class=\"attachment-jnews-1140x570 size-jnews-1140x570 owl-lazy lazyload\" alt=\"T\u00fcrk Musikisi ve Tarih Ayn\u0131 Sahnede Bulu\u015ftu\" sizes=\"auto, (max-width: 1140px) 100vw, 1140px\" data-src=\"https:\/\/iletim.istanbul.edu.tr\/wp-content\/uploads\/20260427-155009-1-1140x570.jpg\" \/><\/div><\/a>\n                    <div class=\"jeg_slide_caption\">\n                        <div class=\"jeg_caption_container\">\n                            <div class=\"jeg_post_category\">\n                                <a href=\"https:\/\/iletim.istanbul.edu.tr\/index.php\/category\/genel\/\" class=\"category-genel\">Genel<\/a>\n                            <\/div>\n                            <h2 class=\"jeg_post_title\">\n                                <a href=\"https:\/\/iletim.istanbul.edu.tr\/index.php\/2026\/04\/27\/turk-musikisi-ve-tarih-ayni-sahnede-bulustu\/\" >T\u00fcrk Musikisi ve Tarih Ayn\u0131 Sahnede Bulu\u015ftu<\/a>\n                            <\/h2>\n                            <div class=\"jeg_post_meta\"><span class=\"jeg_meta_author\">Taraf\u0131ndan <a href=\"https:\/\/iletim.istanbul.edu.tr\/index.php\/author\/iletim\/\">\u0130LET\u0130M<\/a><\/span><span class=\"jeg_meta_date\">27 Nisan 2026<\/span><\/div>\n                        <\/div>\n                    <\/div>\n                <\/div>\n                    <\/div>\n                    <div class=\"jeg_slider_thumbnail_wrapper\">\n                        <div class=\"jeg_slider_thumbnail\">\n                            <div class=\"jeg_slide_thumbnail_item_wrapper\" ><div  class=\"jeg_slide_thumbnail_item format-standard\"><a href=\"https:\/\/iletim.istanbul.edu.tr\/index.php\/2026\/04\/30\/anadolu-ajansinin-dijital-sistemleri-ve-egitim-modeli-tanitildi\/\" aria-label=\"Show article: Anadolu Ajans\u0131\u2019n\u0131n Dijital Sistemleri ve E\u011fitim Modeli Tan\u0131t\u0131ld\u0131\"><div class=\"thumbnail-container  size-715 \"><img loading=\"lazy\" decoding=\"async\" width=\"350\" height=\"250\" src=\"https:\/\/iletim.istanbul.edu.tr\/wp-content\/themes\/jnews\/assets\/img\/jeg-empty.png\" class=\"attachment-jnews-350x250 size-jnews-350x250 owl-lazy lazyload\" alt=\"Anadolu Ajans\u0131\u2019n\u0131n Dijital Sistemleri ve E\u011fitim Modeli Tan\u0131t\u0131ld\u0131\" sizes=\"auto, (max-width: 350px) 100vw, 350px\" data-src=\"https:\/\/iletim.istanbul.edu.tr\/wp-content\/uploads\/img-9237-350x250.jpg\" \/><\/div><\/a><\/div><\/div><div class=\"jeg_slide_thumbnail_item_wrapper\" ><div  class=\"jeg_slide_thumbnail_item format-standard\"><a href=\"https:\/\/iletim.istanbul.edu.tr\/index.php\/2026\/04\/30\/yapay-zeka-caginda-dezenformasyon-ve-dogrulama\/\" aria-label=\"Show article: Yapay Zeka \u00c7a\u011f\u0131nda Dezenformasyon Konu\u015fuldu\"><div class=\"thumbnail-container  size-715 \"><img loading=\"lazy\" decoding=\"async\" width=\"350\" height=\"250\" src=\"https:\/\/iletim.istanbul.edu.tr\/wp-content\/themes\/jnews\/assets\/img\/jeg-empty.png\" class=\"attachment-jnews-350x250 size-jnews-350x250 owl-lazy lazyload\" alt=\"\" sizes=\"auto, (max-width: 350px) 100vw, 350px\" data-src=\"https:\/\/iletim.istanbul.edu.tr\/wp-content\/uploads\/img-3653-350x250.jpg\" \/><\/div><\/a><\/div><\/div><div class=\"jeg_slide_thumbnail_item_wrapper\" ><div  class=\"jeg_slide_thumbnail_item format-standard\"><a href=\"https:\/\/iletim.istanbul.edu.tr\/index.php\/2026\/04\/30\/disneyden-calisanlarina-yapay-zeka-takibi\/\" aria-label=\"Show article: Disney\u2019den \u00c7al\u0131\u015fanlar\u0131na Yapay Zeka Takibi\"><div class=\"thumbnail-container  size-715 \"><img loading=\"lazy\" decoding=\"async\" width=\"350\" height=\"250\" src=\"https:\/\/iletim.istanbul.edu.tr\/wp-content\/themes\/jnews\/assets\/img\/jeg-empty.png\" class=\"attachment-jnews-350x250 size-jnews-350x250 owl-lazy lazyload\" alt=\"Disney\u2019den \u00c7al\u0131\u015fanlar\u0131na Yapay Zeka Takibi\" sizes=\"auto, (max-width: 350px) 100vw, 350px\" data-src=\"https:\/\/iletim.istanbul.edu.tr\/wp-content\/uploads\/9-1-350x250.jpeg\" \/><\/div><\/a><\/div><\/div><div class=\"jeg_slide_thumbnail_item_wrapper\" ><div  class=\"jeg_slide_thumbnail_item format-standard\"><a href=\"https:\/\/iletim.istanbul.edu.tr\/index.php\/2026\/04\/30\/kariyer-gunlugunun-2-gunu-gerceklesti\/\" aria-label=\"Show article: Kariyer G\u00fcnl\u00fc\u011f\u00fc&#8217;n\u00fcn 2. G\u00fcn\u00fc Ger\u00e7ekle\u015fti\"><div class=\"thumbnail-container custom-size size-715 \"><\/div><\/a><\/div><\/div><div class=\"jeg_slide_thumbnail_item_wrapper\" ><div  class=\"jeg_slide_thumbnail_item format-standard\"><a href=\"https:\/\/iletim.istanbul.edu.tr\/index.php\/2026\/04\/29\/gelecege-ilk-adim-istanbul-universitesi-kariyer-gunleri\/\" aria-label=\"Show article: Gelece\u011fe \u0130lk Ad\u0131m: \u0130stanbul \u00dcniversitesi Kariyer G\u00fcnleri\u00a0\"><div class=\"thumbnail-container  size-715 \"><img loading=\"lazy\" decoding=\"async\" width=\"350\" height=\"250\" src=\"https:\/\/iletim.istanbul.edu.tr\/wp-content\/themes\/jnews\/assets\/img\/jeg-empty.png\" class=\"attachment-jnews-350x250 size-jnews-350x250 owl-lazy lazyload\" alt=\"Gelece\u011fe \u0130lk Ad\u0131m: \u0130stanbul \u00dcniversitesi Kariyer G\u00fcnleri\u00a0\" sizes=\"auto, (max-width: 350px) 100vw, 350px\" data-src=\"https:\/\/iletim.istanbul.edu.tr\/wp-content\/uploads\/img-8924-2-350x250.jpg\" \/><\/div><\/a><\/div><\/div><div class=\"jeg_slide_thumbnail_item_wrapper\" ><div  class=\"jeg_slide_thumbnail_item format-standard\"><a href=\"https:\/\/iletim.istanbul.edu.tr\/index.php\/2026\/04\/29\/is-hayati-101-etkinligi-duzenlendi\/\" aria-label=\"Show article: \u0130\u015f Hayat\u0131 101 Etkinli\u011fi D\u00fczenlendi\"><div class=\"thumbnail-container  size-715 \"><img loading=\"lazy\" decoding=\"async\" width=\"350\" height=\"250\" src=\"https:\/\/iletim.istanbul.edu.tr\/wp-content\/themes\/jnews\/assets\/img\/jeg-empty.png\" class=\"attachment-jnews-350x250 size-jnews-350x250 owl-lazy lazyload\" alt=\"\u0130\u015f Hayat\u0131 101 Etkinli\u011fi D\u00fczenlendi\" sizes=\"auto, (max-width: 350px) 100vw, 350px\" data-src=\"https:\/\/iletim.istanbul.edu.tr\/wp-content\/uploads\/20260427-155009-1-1-1-350x250.jpg\" \/><\/div><\/a><\/div><\/div><div class=\"jeg_slide_thumbnail_item_wrapper\" ><div  class=\"jeg_slide_thumbnail_item format-standard\"><a href=\"https:\/\/iletim.istanbul.edu.tr\/index.php\/2026\/04\/27\/turk-musikisi-ve-tarih-ayni-sahnede-bulustu\/\" aria-label=\"Show article: T\u00fcrk Musikisi ve Tarih Ayn\u0131 Sahnede Bulu\u015ftu\"><div class=\"thumbnail-container  size-715 \"><img loading=\"lazy\" decoding=\"async\" width=\"350\" height=\"250\" src=\"https:\/\/iletim.istanbul.edu.tr\/wp-content\/themes\/jnews\/assets\/img\/jeg-empty.png\" class=\"attachment-jnews-350x250 size-jnews-350x250 owl-lazy lazyload\" alt=\"T\u00fcrk Musikisi ve Tarih Ayn\u0131 Sahnede Bulu\u015ftu\" sizes=\"auto, (max-width: 350px) 100vw, 350px\" data-src=\"https:\/\/iletim.istanbul.edu.tr\/wp-content\/uploads\/20260427-155009-1-350x250.jpg\" \/><\/div><\/a><\/div><\/div>\n                        <\/div>\n                    <\/div>\n                <\/div>[\/vc_column][vc_column width=&#8221;1\/3&#8243;]<div  class=\"jeg_heroblock jeg_heroblock_5 jeg_col_3o3 jeg_hero_style_5 jnews_module__2_69f4904c12838   tiny-slider\" data-margin=\"3\"  data-autoplay=\"true\"\" data-delay=\"3000\"\">\n                <div class=\"jeg_hero_wrapper\"><div class=\"jeg_heroblock_wrapper\" style='margin: 0px 0px -3px -3px;'>\n\t                <article class=\"jeg_post jeg_hero_item_1 format-standard\" style=\"padding: 0 0 3px 3px;\">\n                        <div class=\"jeg_block_container\">\n                            \n                            <span class=\"jeg_postformat_icon\"><\/span>\n                            <div class=\"jeg_thumb\">\n                                <a href=\"https:\/\/iletim.istanbul.edu.tr\/index.php\/2026\/04\/30\/anadolu-ajansinin-dijital-sistemleri-ve-egitim-modeli-tanitildi\/\" aria-label=\"Read article: Anadolu Ajans\u0131\u2019n\u0131n Dijital Sistemleri ve E\u011fitim Modeli Tan\u0131t\u0131ld\u0131\"><div class=\"thumbnail-container thumbnail-background\" data-src=\"https:\/\/iletim.istanbul.edu.tr\/wp-content\/uploads\/img-9237-750x500.jpg\" >\n                        <div class=\"lazyloaded\" data-src=\"https:\/\/iletim.istanbul.edu.tr\/wp-content\/uploads\/img-9237-750x500.jpg\" style=\"background-image: url(https:\/\/iletim.istanbul.edu.tr\/wp-content\/uploads\/img-9237-750x500.jpg)\"><\/div>\n                    <\/div><\/a>\n                            <\/div>\n                            <div class=\"jeg_postblock_content\">\n                                <div class=\"jeg_post_category\"><a href=\"https:\/\/iletim.istanbul.edu.tr\/index.php\/category\/genel\/\" class=\"category-genel\">Genel<\/a><\/div>\n                                <div class=\"jeg_post_info\">\n                                    <h2 class=\"jeg_post_title\">\n                                        <a href=\"https:\/\/iletim.istanbul.edu.tr\/index.php\/2026\/04\/30\/anadolu-ajansinin-dijital-sistemleri-ve-egitim-modeli-tanitildi\/\" aria-label=\"Read article: Anadolu Ajans\u0131\u2019n\u0131n Dijital Sistemleri ve E\u011fitim Modeli Tan\u0131t\u0131ld\u0131\">Anadolu Ajans\u0131\u2019n\u0131n Dijital Sistemleri ve E\u011fitim Modeli Tan\u0131t\u0131ld\u0131<\/a>\n                                    <\/h2>\n                                    <div class=\"jeg_post_meta\"><div class=\"jeg_meta_author\"><span class=\"by\">Taraf\u0131ndan<\/span> <a href=\"https:\/\/iletim.istanbul.edu.tr\/index.php\/author\/iletim\/\">\u0130LET\u0130M<\/a><\/div><div class=\"jeg_meta_date\"><a href=\"https:\/\/iletim.istanbul.edu.tr\/index.php\/2026\/04\/30\/anadolu-ajansinin-dijital-sistemleri-ve-egitim-modeli-tanitildi\/\"><i class=\"fa fa-clock-o\"><\/i> 30 Nisan 2026<\/a><\/div><\/div>\n                                <\/div>\n                            <\/div>\n                        <\/div>\n                    <\/article>\n                <div class=\"jeg_heroblock_scroller\">\n                    <article class=\"jeg_post jeg_hero_item_2 format-standard\" style=\"padding: 0 0 3px 3px;\">\n                        <div class=\"jeg_block_container\">\n                            \n                            <span class=\"jeg_postformat_icon\"><\/span>\n                            <div class=\"jeg_thumb\">\n                                <a href=\"https:\/\/iletim.istanbul.edu.tr\/index.php\/2026\/04\/30\/yapay-zeka-caginda-dezenformasyon-ve-dogrulama\/\" aria-label=\"Read article: Yapay Zeka \u00c7a\u011f\u0131nda Dezenformasyon Konu\u015fuldu\"><div class=\"thumbnail-container thumbnail-background\" data-src=\"https:\/\/iletim.istanbul.edu.tr\/wp-content\/uploads\/img-3653-750x500.jpg\" >\n                        <div class=\"lazyloaded\" data-src=\"https:\/\/iletim.istanbul.edu.tr\/wp-content\/uploads\/img-3653-750x500.jpg\" style=\"background-image: url(https:\/\/iletim.istanbul.edu.tr\/wp-content\/uploads\/img-3653-750x500.jpg)\"><\/div>\n                    <\/div><\/a>\n                            <\/div>\n                            <div class=\"jeg_postblock_content\">\n                                <div class=\"jeg_post_category\"><a href=\"https:\/\/iletim.istanbul.edu.tr\/index.php\/category\/genel\/\" class=\"category-genel\">Genel<\/a><\/div>\n                                <div class=\"jeg_post_info\">\n                                    <h2 class=\"jeg_post_title\">\n                                        <a href=\"https:\/\/iletim.istanbul.edu.tr\/index.php\/2026\/04\/30\/yapay-zeka-caginda-dezenformasyon-ve-dogrulama\/\" aria-label=\"Read article: Yapay Zeka \u00c7a\u011f\u0131nda Dezenformasyon Konu\u015fuldu\">Yapay Zeka \u00c7a\u011f\u0131nda Dezenformasyon Konu\u015fuldu<\/a>\n                                    <\/h2>\n                                    <div class=\"jeg_post_meta\"><div class=\"jeg_meta_date\"><a href=\"https:\/\/iletim.istanbul.edu.tr\/index.php\/2026\/04\/30\/yapay-zeka-caginda-dezenformasyon-ve-dogrulama\/\" ><i class=\"fa fa-clock-o\"><\/i> 30 Nisan 2026<\/a><\/div><\/div>\n                                <\/div>\n                            <\/div>\n                        <\/div>\n                    <\/article><article class=\"jeg_post jeg_hero_item_3 format-standard\" style=\"padding: 0 0 3px 3px;\">\n                        <div class=\"jeg_block_container\">\n                            \n                            <span class=\"jeg_postformat_icon\"><\/span>\n                            <div class=\"jeg_thumb\">\n                                <a href=\"https:\/\/iletim.istanbul.edu.tr\/index.php\/2026\/04\/30\/disneyden-calisanlarina-yapay-zeka-takibi\/\" aria-label=\"Read article: Disney\u2019den \u00c7al\u0131\u015fanlar\u0131na Yapay Zeka Takibi\"><div class=\"thumbnail-container thumbnail-background\" data-src=\"https:\/\/iletim.istanbul.edu.tr\/wp-content\/uploads\/9-1-750x500.jpeg\" >\n                        <div class=\"lazyloaded\" data-src=\"https:\/\/iletim.istanbul.edu.tr\/wp-content\/uploads\/9-1-750x500.jpeg\" style=\"background-image: url(https:\/\/iletim.istanbul.edu.tr\/wp-content\/uploads\/9-1-750x500.jpeg)\"><\/div>\n                    <\/div><\/a>\n                            <\/div>\n                            <div class=\"jeg_postblock_content\">\n                                <div class=\"jeg_post_category\"><a href=\"https:\/\/iletim.istanbul.edu.tr\/index.php\/category\/bilim\/\" class=\"category-bilim\">Bilim<\/a><\/div>\n                                <div class=\"jeg_post_info\">\n                                    <h2 class=\"jeg_post_title\">\n                                        <a href=\"https:\/\/iletim.istanbul.edu.tr\/index.php\/2026\/04\/30\/disneyden-calisanlarina-yapay-zeka-takibi\/\" aria-label=\"Read article: Disney\u2019den \u00c7al\u0131\u015fanlar\u0131na Yapay Zeka Takibi\">Disney\u2019den \u00c7al\u0131\u015fanlar\u0131na Yapay Zeka Takibi<\/a>\n                                    <\/h2>\n                                    <div class=\"jeg_post_meta\"><div class=\"jeg_meta_date\"><a href=\"https:\/\/iletim.istanbul.edu.tr\/index.php\/2026\/04\/30\/disneyden-calisanlarina-yapay-zeka-takibi\/\" ><i class=\"fa fa-clock-o\"><\/i> 30 Nisan 2026<\/a><\/div><\/div>\n                                <\/div>\n                            <\/div>\n                        <\/div>\n                    <\/article>\n                <\/div>\n\t            <\/div><div class=\"jeg_heroblock_wrapper\" style='margin: 0px 0px -3px -3px;'>\n\t                <article class=\"jeg_post jeg_hero_item_1 format-standard\" style=\"padding: 0 0 3px 3px;\">\n                        <div class=\"jeg_block_container\">\n                            \n                            <span class=\"jeg_postformat_icon\"><\/span>\n                            <div class=\"jeg_thumb\">\n                                <a href=\"https:\/\/iletim.istanbul.edu.tr\/index.php\/2026\/04\/30\/kariyer-gunlugunun-2-gunu-gerceklesti\/\" aria-label=\"Read article: Kariyer G\u00fcnl\u00fc\u011f\u00fc&#8217;n\u00fcn 2. G\u00fcn\u00fc Ger\u00e7ekle\u015fti\"><div class=\"thumbnail-container thumbnail-background\" data-src=\"\" >\n                        <div class=\"lazyloaded\" data-src=\"\" style=\"background-image: url()\"><\/div>\n                    <\/div><\/a>\n                            <\/div>\n                            <div class=\"jeg_postblock_content\">\n                                <div class=\"jeg_post_category\"><a href=\"https:\/\/iletim.istanbul.edu.tr\/index.php\/category\/bilim\/\" class=\"category-bilim\">Bilim<\/a><\/div>\n                                <div class=\"jeg_post_info\">\n                                    <h2 class=\"jeg_post_title\">\n                                        <a href=\"https:\/\/iletim.istanbul.edu.tr\/index.php\/2026\/04\/30\/kariyer-gunlugunun-2-gunu-gerceklesti\/\" aria-label=\"Read article: Kariyer G\u00fcnl\u00fc\u011f\u00fc&#8217;n\u00fcn 2. G\u00fcn\u00fc Ger\u00e7ekle\u015fti\">Kariyer G\u00fcnl\u00fc\u011f\u00fc&#8217;n\u00fcn 2. G\u00fcn\u00fc Ger\u00e7ekle\u015fti<\/a>\n                                    <\/h2>\n                                    <div class=\"jeg_post_meta\"><div class=\"jeg_meta_author\"><span class=\"by\">Taraf\u0131ndan<\/span> <a href=\"https:\/\/iletim.istanbul.edu.tr\/index.php\/author\/iletim\/\">\u0130LET\u0130M<\/a><\/div><div class=\"jeg_meta_date\"><a href=\"https:\/\/iletim.istanbul.edu.tr\/index.php\/2026\/04\/30\/kariyer-gunlugunun-2-gunu-gerceklesti\/\"><i class=\"fa fa-clock-o\"><\/i> 30 Nisan 2026<\/a><\/div><\/div>\n                                <\/div>\n                            <\/div>\n                        <\/div>\n                    <\/article>\n                <div class=\"jeg_heroblock_scroller\">\n                    <article class=\"jeg_post jeg_hero_item_2 format-standard\" style=\"padding: 0 0 3px 3px;\">\n                        <div class=\"jeg_block_container\">\n                            \n                            <span class=\"jeg_postformat_icon\"><\/span>\n                            <div class=\"jeg_thumb\">\n                                <a href=\"https:\/\/iletim.istanbul.edu.tr\/index.php\/2026\/04\/29\/gelecege-ilk-adim-istanbul-universitesi-kariyer-gunleri\/\" aria-label=\"Read article: Gelece\u011fe \u0130lk Ad\u0131m: \u0130stanbul \u00dcniversitesi Kariyer G\u00fcnleri\u00a0\"><div class=\"thumbnail-container thumbnail-background\" data-src=\"https:\/\/iletim.istanbul.edu.tr\/wp-content\/uploads\/img-8924-2-750x500.jpg\" >\n                        <div class=\"lazyloaded\" data-src=\"https:\/\/iletim.istanbul.edu.tr\/wp-content\/uploads\/img-8924-2-750x500.jpg\" style=\"background-image: url(https:\/\/iletim.istanbul.edu.tr\/wp-content\/uploads\/img-8924-2-750x500.jpg)\"><\/div>\n                    <\/div><\/a>\n                            <\/div>\n                            <div class=\"jeg_postblock_content\">\n                                <div class=\"jeg_post_category\"><a href=\"https:\/\/iletim.istanbul.edu.tr\/index.php\/category\/egitim\/\" class=\"category-egitim\">E\u011fitim<\/a><\/div>\n                                <div class=\"jeg_post_info\">\n                                    <h2 class=\"jeg_post_title\">\n                                        <a href=\"https:\/\/iletim.istanbul.edu.tr\/index.php\/2026\/04\/29\/gelecege-ilk-adim-istanbul-universitesi-kariyer-gunleri\/\" aria-label=\"Read article: Gelece\u011fe \u0130lk Ad\u0131m: \u0130stanbul \u00dcniversitesi Kariyer G\u00fcnleri\u00a0\">Gelece\u011fe \u0130lk Ad\u0131m: \u0130stanbul \u00dcniversitesi Kariyer G\u00fcnleri\u00a0<\/a>\n                                    <\/h2>\n                                    <div class=\"jeg_post_meta\"><div class=\"jeg_meta_date\"><a href=\"https:\/\/iletim.istanbul.edu.tr\/index.php\/2026\/04\/29\/gelecege-ilk-adim-istanbul-universitesi-kariyer-gunleri\/\" ><i class=\"fa fa-clock-o\"><\/i> 29 Nisan 2026<\/a><\/div><\/div>\n                                <\/div>\n                            <\/div>\n                        <\/div>\n                    <\/article><article class=\"jeg_post jeg_hero_item_3 format-standard\" style=\"padding: 0 0 3px 3px;\">\n                        <div class=\"jeg_block_container\">\n                            \n                            <span class=\"jeg_postformat_icon\"><\/span>\n                            <div class=\"jeg_thumb\">\n                                <a href=\"https:\/\/iletim.istanbul.edu.tr\/index.php\/2026\/04\/29\/is-hayati-101-etkinligi-duzenlendi\/\" aria-label=\"Read article: \u0130\u015f Hayat\u0131 101 Etkinli\u011fi D\u00fczenlendi\"><div class=\"thumbnail-container thumbnail-background\" data-src=\"https:\/\/iletim.istanbul.edu.tr\/wp-content\/uploads\/20260427-155009-1-1-1-750x500.jpg\" >\n                        <div class=\"lazyloaded\" data-src=\"https:\/\/iletim.istanbul.edu.tr\/wp-content\/uploads\/20260427-155009-1-1-1-750x500.jpg\" style=\"background-image: url(https:\/\/iletim.istanbul.edu.tr\/wp-content\/uploads\/20260427-155009-1-1-1-750x500.jpg)\"><\/div>\n                    <\/div><\/a>\n                            <\/div>\n                            <div class=\"jeg_postblock_content\">\n                                <div class=\"jeg_post_category\"><a href=\"https:\/\/iletim.istanbul.edu.tr\/index.php\/category\/egitim\/\" class=\"category-egitim\">E\u011fitim<\/a><\/div>\n                                <div class=\"jeg_post_info\">\n                                    <h2 class=\"jeg_post_title\">\n                                        <a href=\"https:\/\/iletim.istanbul.edu.tr\/index.php\/2026\/04\/29\/is-hayati-101-etkinligi-duzenlendi\/\" aria-label=\"Read article: \u0130\u015f Hayat\u0131 101 Etkinli\u011fi D\u00fczenlendi\">\u0130\u015f Hayat\u0131 101 Etkinli\u011fi D\u00fczenlendi<\/a>\n                                    <\/h2>\n                                    <div class=\"jeg_post_meta\"><div class=\"jeg_meta_date\"><a href=\"https:\/\/iletim.istanbul.edu.tr\/index.php\/2026\/04\/29\/is-hayati-101-etkinligi-duzenlendi\/\" ><i class=\"fa fa-clock-o\"><\/i> 29 Nisan 2026<\/a><\/div><\/div>\n                                <\/div>\n                            <\/div>\n                        <\/div>\n                    <\/article>\n                <\/div>\n\t            <\/div><div class=\"jeg_heroblock_wrapper\" style='margin: 0px 0px -3px -3px;'>\n\t                <article class=\"jeg_post jeg_hero_item_1 format-standard\" style=\"padding: 0 0 3px 3px;\">\n                        <div class=\"jeg_block_container\">\n                            \n                            <span class=\"jeg_postformat_icon\"><\/span>\n                            <div class=\"jeg_thumb\">\n                                <a href=\"https:\/\/iletim.istanbul.edu.tr\/index.php\/2026\/04\/27\/turk-musikisi-ve-tarih-ayni-sahnede-bulustu\/\" aria-label=\"Read article: T\u00fcrk Musikisi ve Tarih Ayn\u0131 Sahnede Bulu\u015ftu\"><div class=\"thumbnail-container thumbnail-background\" data-src=\"https:\/\/iletim.istanbul.edu.tr\/wp-content\/uploads\/20260427-155009-1-750x563.jpg\" >\n                        <div class=\"lazyloaded\" data-src=\"https:\/\/iletim.istanbul.edu.tr\/wp-content\/uploads\/20260427-155009-1-750x563.jpg\" style=\"background-image: url(https:\/\/iletim.istanbul.edu.tr\/wp-content\/uploads\/20260427-155009-1-750x563.jpg)\"><\/div>\n                    <\/div><\/a>\n                            <\/div>\n                            <div class=\"jeg_postblock_content\">\n                                <div class=\"jeg_post_category\"><a href=\"https:\/\/iletim.istanbul.edu.tr\/index.php\/category\/genel\/\" class=\"category-genel\">Genel<\/a><\/div>\n                                <div class=\"jeg_post_info\">\n                                    <h2 class=\"jeg_post_title\">\n                                        <a href=\"https:\/\/iletim.istanbul.edu.tr\/index.php\/2026\/04\/27\/turk-musikisi-ve-tarih-ayni-sahnede-bulustu\/\" aria-label=\"Read article: T\u00fcrk Musikisi ve Tarih Ayn\u0131 Sahnede Bulu\u015ftu\">T\u00fcrk Musikisi ve Tarih Ayn\u0131 Sahnede Bulu\u015ftu<\/a>\n                                    <\/h2>\n                                    <div class=\"jeg_post_meta\"><div class=\"jeg_meta_author\"><span class=\"by\">Taraf\u0131ndan<\/span> <a href=\"https:\/\/iletim.istanbul.edu.tr\/index.php\/author\/iletim\/\">\u0130LET\u0130M<\/a><\/div><div class=\"jeg_meta_date\"><a href=\"https:\/\/iletim.istanbul.edu.tr\/index.php\/2026\/04\/27\/turk-musikisi-ve-tarih-ayni-sahnede-bulustu\/\"><i class=\"fa fa-clock-o\"><\/i> 27 Nisan 2026<\/a><\/div><\/div>\n                                <\/div>\n                            <\/div>\n                        <\/div>\n                    <\/article>\n                <div class=\"jeg_heroblock_scroller\">\n                    <article class=\"jeg_post jeg_hero_item_2 format-standard\" style=\"padding: 0 0 3px 3px;\">\n                        <div class=\"jeg_block_container\">\n                            \n                            <span class=\"jeg_postformat_icon\"><\/span>\n                            <div class=\"jeg_thumb\">\n                                <a href=\"https:\/\/iletim.istanbul.edu.tr\/index.php\/2026\/04\/27\/iletim-gazetesi-nisan-2026-sayisi-yayinda\/\" aria-label=\"Read article: \u0130LET\u0130M GAZETES\u0130 N\u0130SAN 2026 SAYISI YAYINDA!\"><div class=\"thumbnail-container thumbnail-background\" data-src=\"https:\/\/iletim.istanbul.edu.tr\/wp-content\/uploads\/gercekten-bitti-01-scaled-e1777294333148-750x655.png\" >\n                        <div class=\"lazyloaded\" data-src=\"https:\/\/iletim.istanbul.edu.tr\/wp-content\/uploads\/gercekten-bitti-01-scaled-e1777294333148-750x655.png\" style=\"background-image: url(https:\/\/iletim.istanbul.edu.tr\/wp-content\/uploads\/gercekten-bitti-01-scaled-e1777294333148-750x655.png)\"><\/div>\n                    <\/div><\/a>\n                            <\/div>\n                            <div class=\"jeg_postblock_content\">\n                                <div class=\"jeg_post_category\"><a href=\"https:\/\/iletim.istanbul.edu.tr\/index.php\/category\/bilim\/\" class=\"category-bilim\">Bilim<\/a><\/div>\n                                <div class=\"jeg_post_info\">\n                                    <h2 class=\"jeg_post_title\">\n                                        <a href=\"https:\/\/iletim.istanbul.edu.tr\/index.php\/2026\/04\/27\/iletim-gazetesi-nisan-2026-sayisi-yayinda\/\" aria-label=\"Read article: \u0130LET\u0130M GAZETES\u0130 N\u0130SAN 2026 SAYISI YAYINDA!\">\u0130LET\u0130M GAZETES\u0130 N\u0130SAN 2026 SAYISI YAYINDA!<\/a>\n                                    <\/h2>\n                                    <div class=\"jeg_post_meta\"><div class=\"jeg_meta_date\"><a href=\"https:\/\/iletim.istanbul.edu.tr\/index.php\/2026\/04\/27\/iletim-gazetesi-nisan-2026-sayisi-yayinda\/\" ><i class=\"fa fa-clock-o\"><\/i> 27 Nisan 2026<\/a><\/div><\/div>\n                                <\/div>\n                            <\/div>\n                        <\/div>\n                    <\/article><article class=\"jeg_post jeg_hero_item_3 format-standard\" style=\"padding: 0 0 3px 3px;\">\n                        <div class=\"jeg_block_container\">\n                            \n                            <span class=\"jeg_postformat_icon\"><\/span>\n                            <div class=\"jeg_thumb\">\n                                <a href=\"https:\/\/iletim.istanbul.edu.tr\/index.php\/2026\/04\/24\/istanbul-universitesinde-hakimiyet-i-milliye-ve-cocuk-paneli\/\" aria-label=\"Read article: \u0130stanbul \u00dcniversitesinde H\u00e2kimiyet-i Milliye ve \u00c7ocuk Paneli\"><div class=\"thumbnail-container thumbnail-background\" data-src=\"https:\/\/iletim.istanbul.edu.tr\/wp-content\/uploads\/img-2640-1-1-1-750x563.png\" >\n                        <div class=\"lazyloaded\" data-src=\"https:\/\/iletim.istanbul.edu.tr\/wp-content\/uploads\/img-2640-1-1-1-750x563.png\" style=\"background-image: url(https:\/\/iletim.istanbul.edu.tr\/wp-content\/uploads\/img-2640-1-1-1-750x563.png)\"><\/div>\n                    <\/div><\/a>\n                            <\/div>\n                            <div class=\"jeg_postblock_content\">\n                                <div class=\"jeg_post_category\"><a href=\"https:\/\/iletim.istanbul.edu.tr\/index.php\/category\/egitim\/\" class=\"category-egitim\">E\u011fitim<\/a><\/div>\n                                <div class=\"jeg_post_info\">\n                                    <h2 class=\"jeg_post_title\">\n                                        <a href=\"https:\/\/iletim.istanbul.edu.tr\/index.php\/2026\/04\/24\/istanbul-universitesinde-hakimiyet-i-milliye-ve-cocuk-paneli\/\" aria-label=\"Read article: \u0130stanbul \u00dcniversitesinde H\u00e2kimiyet-i Milliye ve \u00c7ocuk Paneli\">\u0130stanbul \u00dcniversitesinde H\u00e2kimiyet-i Milliye ve \u00c7ocuk Paneli<\/a>\n                                    <\/h2>\n                                    <div class=\"jeg_post_meta\"><div class=\"jeg_meta_date\"><a href=\"https:\/\/iletim.istanbul.edu.tr\/index.php\/2026\/04\/24\/istanbul-universitesinde-hakimiyet-i-milliye-ve-cocuk-paneli\/\" ><i class=\"fa fa-clock-o\"><\/i> 24 Nisan 2026<\/a><\/div><\/div>\n                                <\/div>\n                            <\/div>\n                        <\/div>\n                    <\/article>\n                <\/div>\n\t            <\/div><\/div>\n            <\/div>\n            <style scoped>@media only screen and (min-width: 1025px) { .jeg_heroblock.jnews_module__2_69f4904c12838 .jeg_heroblock_wrapper{ height: 555px; } }<\/style>[\/vc_column][\/vc_row][vc_row][vc_column width=&#8221;2\/4&#8243; offset=&#8221;vc_col-sm-8 vc_col-md-6&#8243;]<div  class=\"jeg_postblock_3 jeg_postblock jeg_module_hook jeg_pagination_loadmore jeg_col_3o3 jnews_module__3_69f4904c1a15a   \" data-unique=\"jnews_module__3_69f4904c1a15a\">\n\t\t\t\t\t\n\t\t\t\t\t<div class=\"jeg_posts jeg_block_container\">\n                \n                <div class=\"jeg_posts jeg_load_more_flag\">\n                <article class=\"jeg_post jeg_pl_md_2 format-standard\">\n                <div class=\"jeg_thumb\">\n                    \n                    <a href=\"https:\/\/iletim.istanbul.edu.tr\/index.php\/2026\/04\/30\/anadolu-ajansinin-dijital-sistemleri-ve-egitim-modeli-tanitildi\/\" aria-label=\"Read article: Anadolu Ajans\u0131\u2019n\u0131n Dijital Sistemleri ve E\u011fitim Modeli Tan\u0131t\u0131ld\u0131\"><div class=\"thumbnail-container animate-lazy  size-715 \"><img loading=\"lazy\" decoding=\"async\" width=\"350\" height=\"250\" src=\"https:\/\/iletim.istanbul.edu.tr\/wp-content\/themes\/jnews\/assets\/img\/jeg-empty.png\" class=\"attachment-jnews-350x250 size-jnews-350x250 lazyload wp-post-image\" alt=\"Anadolu Ajans\u0131\u2019n\u0131n Dijital Sistemleri ve E\u011fitim Modeli Tan\u0131t\u0131ld\u0131\" sizes=\"auto, (max-width: 350px) 100vw, 350px\" data-src=\"https:\/\/iletim.istanbul.edu.tr\/wp-content\/uploads\/img-9237-350x250.jpg\" data-srcset=\"https:\/\/iletim.istanbul.edu.tr\/wp-content\/uploads\/img-9237-350x250.jpg 350w, https:\/\/iletim.istanbul.edu.tr\/wp-content\/uploads\/img-9237-120x86.jpg 120w, https:\/\/iletim.istanbul.edu.tr\/wp-content\/uploads\/img-9237-750x536.jpg 750w, https:\/\/iletim.istanbul.edu.tr\/wp-content\/uploads\/img-9237-1140x815.jpg 1140w\" data-sizes=\"auto\" data-expand=\"700\" \/><\/div><\/a>\n                <\/div>\n                <div class=\"jeg_postblock_content\">\n                    <h3 class=\"jeg_post_title\">\n                        <a href=\"https:\/\/iletim.istanbul.edu.tr\/index.php\/2026\/04\/30\/anadolu-ajansinin-dijital-sistemleri-ve-egitim-modeli-tanitildi\/\">Anadolu Ajans\u0131\u2019n\u0131n Dijital Sistemleri ve E\u011fitim Modeli Tan\u0131t\u0131ld\u0131<\/a>\n                    <\/h3>\n                    <div class=\"jeg_post_meta\"><div class=\"jeg_meta_author\"><span class=\"by\">Taraf\u0131ndan<\/span> <a href=\"https:\/\/iletim.istanbul.edu.tr\/index.php\/author\/iletim\/\">\u0130LET\u0130M<\/a><\/div><div class=\"jeg_meta_date\"><a href=\"https:\/\/iletim.istanbul.edu.tr\/index.php\/2026\/04\/30\/anadolu-ajansinin-dijital-sistemleri-ve-egitim-modeli-tanitildi\/\"><i class=\"fa fa-clock-o\"><\/i> 30 Nisan 2026<\/a><\/div><div class=\"jeg_meta_comment\"><a href=\"https:\/\/iletim.istanbul.edu.tr\/index.php\/2026\/04\/30\/anadolu-ajansinin-dijital-sistemleri-ve-egitim-modeli-tanitildi\/#comments\" ><i class=\"fa fa-comment-o\"><\/i> 0 <\/a><\/div><\/div>\n                    <div class=\"jeg_post_excerpt\">\n                        <p>Haber: \u00d6zg\u00fcr Recep Kocao\u011flu Foto\u011fraf: \u00d6zg\u00fcr Recep Kocao\u011flu \u0130stanbul, (\u0130\u00dc Haber Merkezi) - \u0130stanbul \u00dcniversitesi \u0130leti\u015fim Fak\u00fcltesi Dekanl\u0131\u011f\u0131, Anadolu Ajans\u0131'na...<\/p>\n                    <\/div>\n                <\/div>\n            <\/article><article class=\"jeg_post jeg_pl_md_2 format-standard\">\n                <div class=\"jeg_thumb\">\n                    \n                    <a href=\"https:\/\/iletim.istanbul.edu.tr\/index.php\/2026\/04\/30\/yapay-zeka-caginda-dezenformasyon-ve-dogrulama\/\" aria-label=\"Read article: Yapay Zeka \u00c7a\u011f\u0131nda Dezenformasyon Konu\u015fuldu\"><div class=\"thumbnail-container animate-lazy  size-715 \"><img loading=\"lazy\" decoding=\"async\" width=\"350\" height=\"250\" src=\"https:\/\/iletim.istanbul.edu.tr\/wp-content\/themes\/jnews\/assets\/img\/jeg-empty.png\" class=\"attachment-jnews-350x250 size-jnews-350x250 lazyload wp-post-image\" alt=\"\" sizes=\"auto, (max-width: 350px) 100vw, 350px\" data-src=\"https:\/\/iletim.istanbul.edu.tr\/wp-content\/uploads\/img-3653-350x250.jpg\" data-srcset=\"https:\/\/iletim.istanbul.edu.tr\/wp-content\/uploads\/img-3653-350x250.jpg 350w, https:\/\/iletim.istanbul.edu.tr\/wp-content\/uploads\/img-3653-120x86.jpg 120w, https:\/\/iletim.istanbul.edu.tr\/wp-content\/uploads\/img-3653-750x536.jpg 750w, https:\/\/iletim.istanbul.edu.tr\/wp-content\/uploads\/img-3653-1140x815.jpg 1140w\" data-sizes=\"auto\" data-expand=\"700\" \/><\/div><\/a>\n                <\/div>\n                <div class=\"jeg_postblock_content\">\n                    <h3 class=\"jeg_post_title\">\n                        <a href=\"https:\/\/iletim.istanbul.edu.tr\/index.php\/2026\/04\/30\/yapay-zeka-caginda-dezenformasyon-ve-dogrulama\/\">Yapay Zeka \u00c7a\u011f\u0131nda Dezenformasyon Konu\u015fuldu<\/a>\n                    <\/h3>\n                    <div class=\"jeg_post_meta\"><div class=\"jeg_meta_author\"><span class=\"by\">Taraf\u0131ndan<\/span> <a href=\"https:\/\/iletim.istanbul.edu.tr\/index.php\/author\/iletim\/\">\u0130LET\u0130M<\/a><\/div><div class=\"jeg_meta_date\"><a href=\"https:\/\/iletim.istanbul.edu.tr\/index.php\/2026\/04\/30\/yapay-zeka-caginda-dezenformasyon-ve-dogrulama\/\"><i class=\"fa fa-clock-o\"><\/i> 30 Nisan 2026<\/a><\/div><div class=\"jeg_meta_comment\"><a href=\"https:\/\/iletim.istanbul.edu.tr\/index.php\/2026\/04\/30\/yapay-zeka-caginda-dezenformasyon-ve-dogrulama\/#comments\" ><i class=\"fa fa-comment-o\"><\/i> 0 <\/a><\/div><\/div>\n                    <div class=\"jeg_post_excerpt\">\n                        <p>Haber: Melek \u00d6zt\u00fcrkFoto\u011fraf: Berk Balc\u0131, Merve Arkan \u0130stanbul, (\u0130\u00dc Haber Merkezi) - \u0130stanbul \u00dcniversitesi \u0130leti\u015fim Fak\u00fcltesi\u2019nde Dijital \u00c7a\u011fda Dezenformasyon ve...<\/p>\n                    <\/div>\n                <\/div>\n            <\/article><div class='jeg_ad jeg_ad_module  '><div class='ads-wrapper'><\/div><\/div><article class=\"jeg_post jeg_pl_md_2 format-standard\">\n                <div class=\"jeg_thumb\">\n                    \n                    <a href=\"https:\/\/iletim.istanbul.edu.tr\/index.php\/2026\/04\/30\/disneyden-calisanlarina-yapay-zeka-takibi\/\" aria-label=\"Read article: Disney\u2019den \u00c7al\u0131\u015fanlar\u0131na Yapay Zeka Takibi\"><div class=\"thumbnail-container animate-lazy  size-715 \"><img loading=\"lazy\" decoding=\"async\" width=\"350\" height=\"250\" src=\"https:\/\/iletim.istanbul.edu.tr\/wp-content\/themes\/jnews\/assets\/img\/jeg-empty.png\" class=\"attachment-jnews-350x250 size-jnews-350x250 lazyload wp-post-image\" alt=\"Disney\u2019den \u00c7al\u0131\u015fanlar\u0131na Yapay Zeka Takibi\" sizes=\"auto, (max-width: 350px) 100vw, 350px\" data-src=\"https:\/\/iletim.istanbul.edu.tr\/wp-content\/uploads\/9-1-350x250.jpeg\" data-srcset=\"https:\/\/iletim.istanbul.edu.tr\/wp-content\/uploads\/9-1-350x250.jpeg 350w, https:\/\/iletim.istanbul.edu.tr\/wp-content\/uploads\/9-1-120x86.jpeg 120w, https:\/\/iletim.istanbul.edu.tr\/wp-content\/uploads\/9-1-750x536.jpeg 750w, https:\/\/iletim.istanbul.edu.tr\/wp-content\/uploads\/9-1-1140x815.jpeg 1140w\" data-sizes=\"auto\" data-expand=\"700\" \/><\/div><\/a>\n                <\/div>\n                <div class=\"jeg_postblock_content\">\n                    <h3 class=\"jeg_post_title\">\n                        <a href=\"https:\/\/iletim.istanbul.edu.tr\/index.php\/2026\/04\/30\/disneyden-calisanlarina-yapay-zeka-takibi\/\">Disney\u2019den \u00c7al\u0131\u015fanlar\u0131na Yapay Zeka Takibi<\/a>\n                    <\/h3>\n                    <div class=\"jeg_post_meta\"><div class=\"jeg_meta_author\"><span class=\"by\">Taraf\u0131ndan<\/span> <a href=\"https:\/\/iletim.istanbul.edu.tr\/index.php\/author\/iletim\/\">\u0130LET\u0130M<\/a><\/div><div class=\"jeg_meta_date\"><a href=\"https:\/\/iletim.istanbul.edu.tr\/index.php\/2026\/04\/30\/disneyden-calisanlarina-yapay-zeka-takibi\/\"><i class=\"fa fa-clock-o\"><\/i> 30 Nisan 2026<\/a><\/div><div class=\"jeg_meta_comment\"><a href=\"https:\/\/iletim.istanbul.edu.tr\/index.php\/2026\/04\/30\/disneyden-calisanlarina-yapay-zeka-takibi\/#comments\" ><i class=\"fa fa-comment-o\"><\/i> 0 <\/a><\/div><\/div>\n                    <div class=\"jeg_post_excerpt\">\n                        <p>Haber: \u015eevval Olga\u00e7 \u0130stanbul, (\u0130\u00dc Haber Merkezi) - Disney, \u00e7al\u0131\u015fanlar\u0131n\u0131n yapay zeka kullan\u0131m\u0131n\u0131 takip eden ve d\u00fc\u015f\u00fck kullan\u0131m g\u00f6r\u00fcld\u00fc\u011f\u00fcnde y\u00f6neticilerin...<\/p>\n                    <\/div>\n                <\/div>\n            <\/article><article class=\"jeg_post jeg_pl_md_2 format-standard\">\n                <div class=\"jeg_thumb\">\n                    \n                    <a href=\"https:\/\/iletim.istanbul.edu.tr\/index.php\/2026\/04\/30\/kariyer-gunlugunun-2-gunu-gerceklesti\/\" aria-label=\"Read article: Kariyer G\u00fcnl\u00fc\u011f\u00fc&#8217;n\u00fcn 2. G\u00fcn\u00fc Ger\u00e7ekle\u015fti\"><div class=\"thumbnail-container animate-lazy no_thumbnail size-715 \"><\/div><\/a>\n                <\/div>\n                <div class=\"jeg_postblock_content\">\n                    <h3 class=\"jeg_post_title\">\n                        <a href=\"https:\/\/iletim.istanbul.edu.tr\/index.php\/2026\/04\/30\/kariyer-gunlugunun-2-gunu-gerceklesti\/\">Kariyer G\u00fcnl\u00fc\u011f\u00fc&#8217;n\u00fcn 2. G\u00fcn\u00fc Ger\u00e7ekle\u015fti<\/a>\n                    <\/h3>\n                    <div class=\"jeg_post_meta\"><div class=\"jeg_meta_author\"><span class=\"by\">Taraf\u0131ndan<\/span> <a href=\"https:\/\/iletim.istanbul.edu.tr\/index.php\/author\/iletim\/\">\u0130LET\u0130M<\/a><\/div><div class=\"jeg_meta_date\"><a href=\"https:\/\/iletim.istanbul.edu.tr\/index.php\/2026\/04\/30\/kariyer-gunlugunun-2-gunu-gerceklesti\/\"><i class=\"fa fa-clock-o\"><\/i> 30 Nisan 2026<\/a><\/div><div class=\"jeg_meta_comment\"><a href=\"https:\/\/iletim.istanbul.edu.tr\/index.php\/2026\/04\/30\/kariyer-gunlugunun-2-gunu-gerceklesti\/#comments\" ><i class=\"fa fa-comment-o\"><\/i> 0 <\/a><\/div><\/div>\n                    <div class=\"jeg_post_excerpt\">\n                        <p>\u0130stanbul,(\u0130\u00dc Haber Ajans\u0131)- \u0130stanbul \u00dcniversitesi Kariyer G\u00fcnleri etkinli\u011finin ilk oturumu \u00f6\u011frenci ve mezunlar\u0131n kat\u0131l\u0131m\u0131yla ger\u00e7ekle\u015fti. \u0130stanbul \u00dcniversitesi Kariyer Geli\u015ftirme Uygulama...<\/p>\n                    <\/div>\n                <\/div>\n            <\/article><article class=\"jeg_post jeg_pl_md_2 format-standard\">\n                <div class=\"jeg_thumb\">\n                    \n                    <a href=\"https:\/\/iletim.istanbul.edu.tr\/index.php\/2026\/04\/29\/gelecege-ilk-adim-istanbul-universitesi-kariyer-gunleri\/\" aria-label=\"Read article: Gelece\u011fe \u0130lk Ad\u0131m: \u0130stanbul \u00dcniversitesi Kariyer G\u00fcnleri\u00a0\"><div class=\"thumbnail-container animate-lazy  size-715 \"><img loading=\"lazy\" decoding=\"async\" width=\"350\" height=\"250\" src=\"https:\/\/iletim.istanbul.edu.tr\/wp-content\/themes\/jnews\/assets\/img\/jeg-empty.png\" class=\"attachment-jnews-350x250 size-jnews-350x250 lazyload wp-post-image\" alt=\"Gelece\u011fe \u0130lk Ad\u0131m: \u0130stanbul \u00dcniversitesi Kariyer G\u00fcnleri\u00a0\" sizes=\"auto, (max-width: 350px) 100vw, 350px\" data-src=\"https:\/\/iletim.istanbul.edu.tr\/wp-content\/uploads\/img-8924-2-350x250.jpg\" data-srcset=\"https:\/\/iletim.istanbul.edu.tr\/wp-content\/uploads\/img-8924-2-350x250.jpg 350w, https:\/\/iletim.istanbul.edu.tr\/wp-content\/uploads\/img-8924-2-120x86.jpg 120w, https:\/\/iletim.istanbul.edu.tr\/wp-content\/uploads\/img-8924-2-750x536.jpg 750w, https:\/\/iletim.istanbul.edu.tr\/wp-content\/uploads\/img-8924-2-1140x815.jpg 1140w\" data-sizes=\"auto\" data-expand=\"700\" \/><\/div><\/a>\n                <\/div>\n                <div class=\"jeg_postblock_content\">\n                    <h3 class=\"jeg_post_title\">\n                        <a href=\"https:\/\/iletim.istanbul.edu.tr\/index.php\/2026\/04\/29\/gelecege-ilk-adim-istanbul-universitesi-kariyer-gunleri\/\">Gelece\u011fe \u0130lk Ad\u0131m: \u0130stanbul \u00dcniversitesi Kariyer G\u00fcnleri\u00a0<\/a>\n                    <\/h3>\n                    <div class=\"jeg_post_meta\"><div class=\"jeg_meta_author\"><span class=\"by\">Taraf\u0131ndan<\/span> <a href=\"https:\/\/iletim.istanbul.edu.tr\/index.php\/author\/iletim\/\">\u0130LET\u0130M<\/a><\/div><div class=\"jeg_meta_date\"><a href=\"https:\/\/iletim.istanbul.edu.tr\/index.php\/2026\/04\/29\/gelecege-ilk-adim-istanbul-universitesi-kariyer-gunleri\/\"><i class=\"fa fa-clock-o\"><\/i> 29 Nisan 2026<\/a><\/div><div class=\"jeg_meta_comment\"><a href=\"https:\/\/iletim.istanbul.edu.tr\/index.php\/2026\/04\/29\/gelecege-ilk-adim-istanbul-universitesi-kariyer-gunleri\/#comments\" ><i class=\"fa fa-comment-o\"><\/i> 0 <\/a><\/div><\/div>\n                    <div class=\"jeg_post_excerpt\">\n                        <p>Haber: Ebrar S\u00fceda \u00dcnalan, Zeynep Yolhan \u015eeflek Foto\u011fraf: Muhammed Akti Edit\u00f6r: Melek \u00d6zt\u00fcrk \u0130stanbul, (\u0130\u00dc Haber Ajans\u0131) - \u0130stanbul \u00dcniversitesi...<\/p>\n                    <\/div>\n                <\/div>\n            <\/article><article class=\"jeg_post jeg_pl_md_2 format-standard\">\n                <div class=\"jeg_thumb\">\n                    \n                    <a href=\"https:\/\/iletim.istanbul.edu.tr\/index.php\/2026\/04\/29\/is-hayati-101-etkinligi-duzenlendi\/\" aria-label=\"Read article: \u0130\u015f Hayat\u0131 101 Etkinli\u011fi D\u00fczenlendi\"><div class=\"thumbnail-container animate-lazy  size-715 \"><img loading=\"lazy\" decoding=\"async\" width=\"350\" height=\"250\" src=\"https:\/\/iletim.istanbul.edu.tr\/wp-content\/themes\/jnews\/assets\/img\/jeg-empty.png\" class=\"attachment-jnews-350x250 size-jnews-350x250 lazyload wp-post-image\" alt=\"\u0130\u015f Hayat\u0131 101 Etkinli\u011fi D\u00fczenlendi\" sizes=\"auto, (max-width: 350px) 100vw, 350px\" data-src=\"https:\/\/iletim.istanbul.edu.tr\/wp-content\/uploads\/20260427-155009-1-1-1-350x250.jpg\" data-srcset=\"https:\/\/iletim.istanbul.edu.tr\/wp-content\/uploads\/20260427-155009-1-1-1-350x250.jpg 350w, https:\/\/iletim.istanbul.edu.tr\/wp-content\/uploads\/20260427-155009-1-1-1-120x86.jpg 120w, https:\/\/iletim.istanbul.edu.tr\/wp-content\/uploads\/20260427-155009-1-1-1-750x536.jpg 750w, https:\/\/iletim.istanbul.edu.tr\/wp-content\/uploads\/20260427-155009-1-1-1-1140x815.jpg 1140w\" data-sizes=\"auto\" data-expand=\"700\" \/><\/div><\/a>\n                <\/div>\n                <div class=\"jeg_postblock_content\">\n                    <h3 class=\"jeg_post_title\">\n                        <a href=\"https:\/\/iletim.istanbul.edu.tr\/index.php\/2026\/04\/29\/is-hayati-101-etkinligi-duzenlendi\/\">\u0130\u015f Hayat\u0131 101 Etkinli\u011fi D\u00fczenlendi<\/a>\n                    <\/h3>\n                    <div class=\"jeg_post_meta\"><div class=\"jeg_meta_author\"><span class=\"by\">Taraf\u0131ndan<\/span> <a href=\"https:\/\/iletim.istanbul.edu.tr\/index.php\/author\/iletim\/\">\u0130LET\u0130M<\/a><\/div><div class=\"jeg_meta_date\"><a href=\"https:\/\/iletim.istanbul.edu.tr\/index.php\/2026\/04\/29\/is-hayati-101-etkinligi-duzenlendi\/\"><i class=\"fa fa-clock-o\"><\/i> 29 Nisan 2026<\/a><\/div><div class=\"jeg_meta_comment\"><a href=\"https:\/\/iletim.istanbul.edu.tr\/index.php\/2026\/04\/29\/is-hayati-101-etkinligi-duzenlendi\/#comments\" ><i class=\"fa fa-comment-o\"><\/i> 0 <\/a><\/div><\/div>\n                    <div class=\"jeg_post_excerpt\">\n                        <p>Haber: Muhammed Akt\u0131 Foto\u011fraf: Murat B\u0131\u00e7ak\u00e7\u0131 Edit\u00f6r: Melek \u00d6zt\u00fcrk \u0130stanbul, (\u0130\u00dc Haber Merkezi) - \u0130stanbul \u00dcniversitesi \u0130leti\u015fim Fak\u00fcltesi'nde Ajans \u0130stanbul...<\/p>\n                    <\/div>\n                <\/div>\n            <\/article>\n            <\/div>\n                <div class='module-overlay'>\n\t\t\t\t    <div class='preloader_type preloader_dot'>\n\t\t\t\t        <div class=\"module-preloader jeg_preloader dot\">\n\t\t\t\t            <span><\/span><span><\/span><span><\/span>\n\t\t\t\t        <\/div>\n\t\t\t\t        <div class=\"module-preloader jeg_preloader circle\">\n\t\t\t\t            <div class=\"jnews_preloader_circle_outer\">\n\t\t\t\t                <div class=\"jnews_preloader_circle_inner\"><\/div>\n\t\t\t\t            <\/div>\n\t\t\t\t        <\/div>\n\t\t\t\t        <div class=\"module-preloader jeg_preloader square\">\n\t\t\t\t            <div class=\"jeg_square\">\n\t\t\t\t                <div class=\"jeg_square_inner\"><\/div>\n\t\t\t\t            <\/div>\n\t\t\t\t        <\/div>\n\t\t\t\t    <\/div>\n\t\t\t\t<\/div>\n            <\/div>\n            <div class=\"jeg_block_navigation\">\n                <div class='navigation_overlay'><div class='module-preloader jeg_preloader'><span><\/span><span><\/span><span><\/span><\/div><\/div>\n                <div class=\"jeg_block_loadmore \">\n                    <a href=\"#\" class='' data-load='Daha fazla y\u00fckle' data-loading='Y\u00fckleniyor...'> Daha fazla y\u00fckle<\/a>\n                <\/div>\n                \n            <\/div>\n\t\t\t\t\t\n\t\t\t\t\t<script>var jnews_module__3_69f4904c1a15a = {\"header_icon\":\"\",\"first_title\":\"\",\"second_title\":\"\",\"url\":\"\",\"header_type\":\"heading_5\",\"header_background\":\"\",\"header_secondary_background\":\"\",\"header_text_color\":\"\",\"header_line_color\":\"\",\"header_accent_color\":\"\",\"header_filter_category\":\"\",\"header_filter_author\":\"\",\"header_filter_tag\":\"\",\"header_filter_text\":\"All\",\"sticky_post\":false,\"post_type\":\"post\",\"content_type\":\"all\",\"sponsor\":false,\"number_post\":\"6\",\"post_offset\":\"0\",\"unique_content\":\"unique1\",\"include_post\":\"\",\"included_only\":false,\"exclude_post\":\"\",\"include_category\":\"\",\"exclude_category\":\"\",\"include_author\":\"\",\"include_tag\":\"\",\"exclude_tag\":\"\",\"exclude_visited_post\":false,\"sort_by\":\"latest\",\"date_format\":\"default\",\"date_format_custom\":\"Y\\\/m\\\/d\",\"excerpt_length\":\"20\",\"excerpt_ellipsis\":\"...\",\"force_normal_image_load\":\"\",\"main_custom_image_size\":\"default\",\"pagination_mode\":\"loadmore\",\"pagination_nextprev_showtext\":\"\",\"pagination_number_post\":\"6\",\"pagination_scroll_limit\":0,\"ads_type\":\"image\",\"ads_position\":\"2\",\"ads_random\":\"\",\"ads_image\":\"17760\",\"ads_image_tablet\":\"\",\"ads_image_phone\":\"\",\"ads_image_link\":\"#\",\"ads_image_alt\":\"\",\"ads_image_new_tab\":\"yes\",\"google_publisher_id\":\"\",\"google_slot_id\":\"\",\"google_desktop\":\"auto\",\"google_tab\":\"auto\",\"google_phone\":\"auto\",\"content\":\"\",\"ads_bottom_text\":\"\",\"boxed\":\"\",\"boxed_shadow\":\"\",\"el_id\":\"\",\"el_class\":\"\",\"scheme\":\"\",\"column_width\":\"auto\",\"title_color\":\"\",\"accent_color\":\"\",\"alt_color\":\"\",\"excerpt_color\":\"\",\"css\":\"\",\"compatible_column_notice\":\"\",\"paged\":1,\"column_class\":\"jeg_col_3o3\",\"class\":\"jnews_block_3\"};<\/script>\n\t\t\t\t<\/div>[\/vc_column][vc_column width=&#8221;1\/4&#8243; sticky_sidebar=&#8221;yes&#8221; offset=&#8221;vc_hidden-sm vc_hidden-xs&#8221;]<div  class=\"jeg_postblock_17 jeg_postblock jeg_module_hook jeg_pagination_disable jeg_col_3o3 jnews_module__4_69f4904c1d84c   \" data-unique=\"jnews_module__4_69f4904c1d84c\">\n\t\t\t\t\t\n\t\t\t\t\t<div class=\"jeg_block_container\">\n                    \n                    <div class=\"jeg_posts_wrap\">\n                    <div class=\"jeg_posts jeg_load_more_flag\">\n                        \n                        <article class=\"jeg_post jeg_pl_md_1 format-standard\">\n                    <div class=\"jeg_thumb\">\n                        \n                        <a href=\"https:\/\/iletim.istanbul.edu.tr\/index.php\/2026\/04\/27\/turk-musikisi-ve-tarih-ayni-sahnede-bulustu\/\" aria-label=\"Read article: T\u00fcrk Musikisi ve Tarih Ayn\u0131 Sahnede Bulu\u015ftu\"><div class=\"thumbnail-container animate-lazy  size-500 \"><img loading=\"lazy\" decoding=\"async\" width=\"360\" height=\"180\" src=\"https:\/\/iletim.istanbul.edu.tr\/wp-content\/themes\/jnews\/assets\/img\/jeg-empty.png\" class=\"attachment-jnews-360x180 size-jnews-360x180 lazyload wp-post-image\" alt=\"T\u00fcrk Musikisi ve Tarih Ayn\u0131 Sahnede Bulu\u015ftu\" sizes=\"auto, (max-width: 360px) 100vw, 360px\" data-src=\"https:\/\/iletim.istanbul.edu.tr\/wp-content\/uploads\/20260427-155009-1-360x180.jpg\" data-srcset=\"https:\/\/iletim.istanbul.edu.tr\/wp-content\/uploads\/20260427-155009-1-360x180.jpg 360w, https:\/\/iletim.istanbul.edu.tr\/wp-content\/uploads\/20260427-155009-1-750x375.jpg 750w, https:\/\/iletim.istanbul.edu.tr\/wp-content\/uploads\/20260427-155009-1-1140x570.jpg 1140w\" data-sizes=\"auto\" data-expand=\"700\" \/><\/div><\/a>\n                        <div class=\"jeg_post_category\">\n                            <span><a href=\"https:\/\/iletim.istanbul.edu.tr\/index.php\/category\/genel\/\" class=\"category-genel\">Genel<\/a><\/span>\n                        <\/div>\n                    <\/div>\n                    <div class=\"jeg_postblock_content\">\n                        <h3 class=\"jeg_post_title\">\n                            <a href=\"https:\/\/iletim.istanbul.edu.tr\/index.php\/2026\/04\/27\/turk-musikisi-ve-tarih-ayni-sahnede-bulustu\/\">T\u00fcrk Musikisi ve Tarih Ayn\u0131 Sahnede Bulu\u015ftu<\/a>\n                        <\/h3>\n                        <div class=\"jeg_post_meta\"><div class=\"jeg_meta_author\"><span class=\"by\">Taraf\u0131ndan<\/span> <a href=\"https:\/\/iletim.istanbul.edu.tr\/index.php\/author\/iletim\/\">\u0130LET\u0130M<\/a><\/div><div class=\"jeg_meta_date\"><a href=\"https:\/\/iletim.istanbul.edu.tr\/index.php\/2026\/04\/27\/turk-musikisi-ve-tarih-ayni-sahnede-bulustu\/\"><i class=\"fa fa-clock-o\"><\/i> 27 Nisan 2026<\/a><\/div><div class=\"jeg_meta_comment\"><a href=\"https:\/\/iletim.istanbul.edu.tr\/index.php\/2026\/04\/27\/turk-musikisi-ve-tarih-ayni-sahnede-bulustu\/#comments\" ><i class=\"fa fa-comment-o\"><\/i> 0 <\/a><\/div><\/div>\n                        <div class=\"jeg_post_excerpt\">\n                            <p>Haber: Zeynep G\u00f6ger\u00e7in Foto\u011fraf: Ganime \u0130layda K\u0131l\u0131\u00e7 Edit\u00f6r: \u00d6zg\u00fcr Recep Kocao\u011flu \u0130stanbul, (\u0130\u00dc Haber Merkezi) - \u201cSamiha Ayverdi\u2019nin \u0130zinde: Ge\u00e7mi\u015ften...<\/p>\n                        <\/div>\n                    <\/div>\n                <\/article><article class=\"jeg_post jeg_pl_md_1 format-standard\">\n                    <div class=\"jeg_thumb\">\n                        \n                        <a href=\"https:\/\/iletim.istanbul.edu.tr\/index.php\/2026\/04\/27\/iletim-gazetesi-nisan-2026-sayisi-yayinda\/\" aria-label=\"Read article: \u0130LET\u0130M GAZETES\u0130 N\u0130SAN 2026 SAYISI YAYINDA!\"><div class=\"thumbnail-container animate-lazy  size-500 \"><img loading=\"lazy\" decoding=\"async\" width=\"360\" height=\"180\" src=\"https:\/\/iletim.istanbul.edu.tr\/wp-content\/themes\/jnews\/assets\/img\/jeg-empty.png\" class=\"attachment-jnews-360x180 size-jnews-360x180 lazyload wp-post-image\" alt=\"\u0130LET\u0130M GAZETES\u0130 N\u0130SAN 2026 SAYISI YAYINDA!\" sizes=\"auto, (max-width: 360px) 100vw, 360px\" data-src=\"https:\/\/iletim.istanbul.edu.tr\/wp-content\/uploads\/gercekten-bitti-01-scaled-e1777294333148-360x180.png\" data-srcset=\"https:\/\/iletim.istanbul.edu.tr\/wp-content\/uploads\/gercekten-bitti-01-scaled-e1777294333148-360x180.png 360w, https:\/\/iletim.istanbul.edu.tr\/wp-content\/uploads\/gercekten-bitti-01-scaled-e1777294333148-750x375.png 750w, https:\/\/iletim.istanbul.edu.tr\/wp-content\/uploads\/gercekten-bitti-01-scaled-e1777294333148-1140x570.png 1140w\" data-sizes=\"auto\" data-expand=\"700\" \/><\/div><\/a>\n                        <div class=\"jeg_post_category\">\n                            <span><a href=\"https:\/\/iletim.istanbul.edu.tr\/index.php\/category\/bilim\/\" class=\"category-bilim\">Bilim<\/a><\/span>\n                        <\/div>\n                    <\/div>\n                    <div class=\"jeg_postblock_content\">\n                        <h3 class=\"jeg_post_title\">\n                            <a href=\"https:\/\/iletim.istanbul.edu.tr\/index.php\/2026\/04\/27\/iletim-gazetesi-nisan-2026-sayisi-yayinda\/\">\u0130LET\u0130M GAZETES\u0130 N\u0130SAN 2026 SAYISI YAYINDA!<\/a>\n                        <\/h3>\n                        <div class=\"jeg_post_meta\"><div class=\"jeg_meta_author\"><span class=\"by\">Taraf\u0131ndan<\/span> <a href=\"https:\/\/iletim.istanbul.edu.tr\/index.php\/author\/iletim\/\">\u0130LET\u0130M<\/a><\/div><div class=\"jeg_meta_date\"><a href=\"https:\/\/iletim.istanbul.edu.tr\/index.php\/2026\/04\/27\/iletim-gazetesi-nisan-2026-sayisi-yayinda\/\"><i class=\"fa fa-clock-o\"><\/i> 27 Nisan 2026<\/a><\/div><div class=\"jeg_meta_comment\"><a href=\"https:\/\/iletim.istanbul.edu.tr\/index.php\/2026\/04\/27\/iletim-gazetesi-nisan-2026-sayisi-yayinda\/#comments\" ><i class=\"fa fa-comment-o\"><\/i> 0 <\/a><\/div><\/div>\n                        <div class=\"jeg_post_excerpt\">\n                            <p>\u0130stanbul, (\u0130\u00dc Haber Merkezi) \u2013 \u0130letim Gazetesi Nisan 2026 say\u0131s\u0131 birbirinden dolu i\u00e7erikleriyle yay\u0131nda! \u0130stanbul \u00dcniversitesi \u0130leti\u015fim Fak\u00fcltesi uygulama birimlerinden...<\/p>\n                        <\/div>\n                    <\/div>\n                <\/article><article class=\"jeg_post jeg_pl_md_1 format-standard\">\n                    <div class=\"jeg_thumb\">\n                        \n                        <a href=\"https:\/\/iletim.istanbul.edu.tr\/index.php\/2026\/04\/24\/istanbul-universitesinde-hakimiyet-i-milliye-ve-cocuk-paneli\/\" aria-label=\"Read article: \u0130stanbul \u00dcniversitesinde H\u00e2kimiyet-i Milliye ve \u00c7ocuk Paneli\"><div class=\"thumbnail-container animate-lazy  size-500 \"><img loading=\"lazy\" decoding=\"async\" width=\"360\" height=\"180\" src=\"https:\/\/iletim.istanbul.edu.tr\/wp-content\/themes\/jnews\/assets\/img\/jeg-empty.png\" class=\"attachment-jnews-360x180 size-jnews-360x180 lazyload wp-post-image\" alt=\"\u0130stanbul \u00dcniversitesinde H\u00e2kimiyet-i Milliye ve \u00c7ocuk Paneli\" sizes=\"auto, (max-width: 360px) 100vw, 360px\" data-src=\"https:\/\/iletim.istanbul.edu.tr\/wp-content\/uploads\/img-2640-1-1-1-360x180.png\" data-srcset=\"https:\/\/iletim.istanbul.edu.tr\/wp-content\/uploads\/img-2640-1-1-1-360x180.png 360w, https:\/\/iletim.istanbul.edu.tr\/wp-content\/uploads\/img-2640-1-1-1-750x375.png 750w, https:\/\/iletim.istanbul.edu.tr\/wp-content\/uploads\/img-2640-1-1-1-1140x570.png 1140w\" data-sizes=\"auto\" data-expand=\"700\" \/><\/div><\/a>\n                        <div class=\"jeg_post_category\">\n                            <span><a href=\"https:\/\/iletim.istanbul.edu.tr\/index.php\/category\/egitim\/\" class=\"category-egitim\">E\u011fitim<\/a><\/span>\n                        <\/div>\n                    <\/div>\n                    <div class=\"jeg_postblock_content\">\n                        <h3 class=\"jeg_post_title\">\n                            <a href=\"https:\/\/iletim.istanbul.edu.tr\/index.php\/2026\/04\/24\/istanbul-universitesinde-hakimiyet-i-milliye-ve-cocuk-paneli\/\">\u0130stanbul \u00dcniversitesinde H\u00e2kimiyet-i Milliye ve \u00c7ocuk Paneli<\/a>\n                        <\/h3>\n                        <div class=\"jeg_post_meta\"><div class=\"jeg_meta_author\"><span class=\"by\">Taraf\u0131ndan<\/span> <a href=\"https:\/\/iletim.istanbul.edu.tr\/index.php\/author\/iletim\/\">\u0130LET\u0130M<\/a><\/div><div class=\"jeg_meta_date\"><a href=\"https:\/\/iletim.istanbul.edu.tr\/index.php\/2026\/04\/24\/istanbul-universitesinde-hakimiyet-i-milliye-ve-cocuk-paneli\/\"><i class=\"fa fa-clock-o\"><\/i> 24 Nisan 2026<\/a><\/div><div class=\"jeg_meta_comment\"><a href=\"https:\/\/iletim.istanbul.edu.tr\/index.php\/2026\/04\/24\/istanbul-universitesinde-hakimiyet-i-milliye-ve-cocuk-paneli\/#comments\" ><i class=\"fa fa-comment-o\"><\/i> 0 <\/a><\/div><\/div>\n                        <div class=\"jeg_post_excerpt\">\n                            <p>Haber: Murat B\u0131\u00e7ak\u00e7\u0131 Foto\u011fraf: Muhammed Akt\u0131 Edit\u00f6r: Sena Sand\u0131k\u00e7\u0131&nbsp; \u0130stanbul, (\u0130\u00dc Haber Merkezi) \u2013 \u0130stanbul \u00dcniversitesi Atat\u00fcrk \u0130lkeleri ve \u0130nk\u0131lap...<\/p>\n                        <\/div>\n                    <\/div>\n                <\/article><article class=\"jeg_post jeg_pl_sm format-standard\">\n                    <div class=\"jeg_thumb\">\n                        \n                        <a href=\"https:\/\/iletim.istanbul.edu.tr\/index.php\/2026\/04\/22\/riza-kayaalp-13-kez-avrupanin-zirvesinde\/\" aria-label=\"Read article: R\u0131za Kayaalp 13. Kez Avrupa&#8217;n\u0131n Zirvesinde\"><div class=\"thumbnail-container animate-lazy  size-715 \"><img loading=\"lazy\" decoding=\"async\" width=\"120\" height=\"86\" src=\"https:\/\/iletim.istanbul.edu.tr\/wp-content\/themes\/jnews\/assets\/img\/jeg-empty.png\" class=\"attachment-jnews-120x86 size-jnews-120x86 lazyload wp-post-image\" alt=\"R\u0131za Kayaalp 13. Kez Avrupa&#8217;n\u0131n Zirvesinde\" sizes=\"auto, (max-width: 120px) 100vw, 120px\" data-src=\"https:\/\/iletim.istanbul.edu.tr\/wp-content\/uploads\/img-4146-1-e1776865352740-120x86.jpg\" data-srcset=\"https:\/\/iletim.istanbul.edu.tr\/wp-content\/uploads\/img-4146-1-e1776865352740-120x86.jpg 120w, https:\/\/iletim.istanbul.edu.tr\/wp-content\/uploads\/img-4146-1-e1776865352740-350x250.jpg 350w, https:\/\/iletim.istanbul.edu.tr\/wp-content\/uploads\/img-4146-1-e1776865352740-750x536.jpg 750w, https:\/\/iletim.istanbul.edu.tr\/wp-content\/uploads\/img-4146-1-e1776865352740-1140x815.jpg 1140w\" data-sizes=\"auto\" data-expand=\"700\" \/><\/div><\/a>\n                        \n                    <\/div>\n                    <div class=\"jeg_postblock_content\">\n                        <h3 class=\"jeg_post_title\">\n                            <a href=\"https:\/\/iletim.istanbul.edu.tr\/index.php\/2026\/04\/22\/riza-kayaalp-13-kez-avrupanin-zirvesinde\/\">R\u0131za Kayaalp 13. Kez Avrupa&#8217;n\u0131n Zirvesinde<\/a>\n                        <\/h3>\n                        <div class=\"jeg_post_meta\"><div class=\"jeg_meta_date\"><a href=\"https:\/\/iletim.istanbul.edu.tr\/index.php\/2026\/04\/22\/riza-kayaalp-13-kez-avrupanin-zirvesinde\/\" ><i class=\"fa fa-clock-o\"><\/i> 22 Nisan 2026<\/a><\/div><\/div>\n                    <\/div>\n                <\/article>\n                    <\/div>\n                <\/div>\n                    <div class='module-overlay'>\n\t\t\t\t    <div class='preloader_type preloader_dot'>\n\t\t\t\t        <div class=\"module-preloader jeg_preloader dot\">\n\t\t\t\t            <span><\/span><span><\/span><span><\/span>\n\t\t\t\t        <\/div>\n\t\t\t\t        <div class=\"module-preloader jeg_preloader circle\">\n\t\t\t\t            <div class=\"jnews_preloader_circle_outer\">\n\t\t\t\t                <div class=\"jnews_preloader_circle_inner\"><\/div>\n\t\t\t\t            <\/div>\n\t\t\t\t        <\/div>\n\t\t\t\t        <div class=\"module-preloader jeg_preloader square\">\n\t\t\t\t            <div class=\"jeg_square\">\n\t\t\t\t                <div class=\"jeg_square_inner\"><\/div>\n\t\t\t\t            <\/div>\n\t\t\t\t        <\/div>\n\t\t\t\t    <\/div>\n\t\t\t\t<\/div>\n                <\/div>\n                <div class=\"jeg_block_navigation\">\n                    <div class='navigation_overlay'><div class='module-preloader jeg_preloader'><span><\/span><span><\/span><span><\/span><\/div><\/div>\n                    \n                    \n                <\/div>\n\t\t\t\t\t<style scoped>.jnews_module__4_69f4904c1d84c .jeg_block_heading_8 .jeg_block_title span, .jnews_module__4_69f4904c1d84c .jeg_block_heading_8 .jeg_block_title i { color: #0a3d61; }<\/style>\n\t\t\t\t\t<script>var jnews_module__4_69f4904c1d84c = {\"header_icon\":\"\",\"first_title\":\"\",\"second_title\":\"\",\"url\":\"\",\"header_type\":\"heading_8\",\"header_background\":\"\",\"header_secondary_background\":\"\",\"header_text_color\":\"#0a3d61\",\"header_line_color\":\"\",\"header_accent_color\":\"\",\"header_filter_category\":\"\",\"header_filter_author\":\"\",\"header_filter_tag\":\"\",\"header_filter_text\":\"All\",\"sticky_post\":false,\"post_type\":\"post\",\"content_type\":\"all\",\"sponsor\":false,\"number_post\":\"4\",\"post_offset\":\"0\",\"unique_content\":\"unique1\",\"include_post\":\"\",\"included_only\":false,\"exclude_post\":\"28856,28853,28839,28838,28823,28811\",\"include_category\":\"\",\"exclude_category\":\"\",\"include_author\":\"\",\"include_tag\":\"\",\"exclude_tag\":\"\",\"exclude_visited_post\":false,\"sort_by\":\"latest\",\"date_format\":\"default\",\"date_format_custom\":\"Y\\\/m\\\/d\",\"excerpt_length\":\"20\",\"excerpt_ellipsis\":\"...\",\"force_normal_image_load\":\"\",\"main_custom_image_size\":\"default\",\"second_custom_image_size\":\"default\",\"pagination_mode\":\"disable\",\"pagination_nextprev_showtext\":\"\",\"pagination_number_post\":4,\"pagination_scroll_limit\":0,\"boxed\":\"\",\"boxed_shadow\":\"\",\"el_id\":\"\",\"el_class\":\"\",\"scheme\":\"\",\"column_width\":\"auto\",\"title_color\":\"\",\"accent_color\":\"\",\"alt_color\":\"\",\"excerpt_color\":\"\",\"css\":\"\",\"compatible_column_notice\":\"\",\"paged\":1,\"column_class\":\"jeg_col_3o3\",\"class\":\"jnews_block_17\"};<\/script>\n\t\t\t\t<\/div><ul class=\"popularpost_list\"><li class=\"popularpost_item format-standard\">\n                <div class=\"jeg_thumb\">\n                    \n                    <a href=\"https:\/\/iletim.istanbul.edu.tr\/index.php\/2025\/03\/08\/yarim-asirlik-bir-dev-sezen-aksu\/\" aria-label=\"Read article: Yar\u0131m As\u0131rl\u0131k Bir Dev : Sezen Aksu\"><div class=\"thumbnail-container animate-lazy  size-715 \"><img loading=\"lazy\" decoding=\"async\" width=\"350\" height=\"250\" src=\"https:\/\/iletim.istanbul.edu.tr\/wp-content\/themes\/jnews\/assets\/img\/jeg-empty.png\" class=\"attachment-jnews-350x250 size-jnews-350x250 lazyload wp-post-image\" alt=\"Yar\u0131m As\u0131rl\u0131k Bir Dev : Sezen Aksu\" sizes=\"auto, (max-width: 350px) 100vw, 350px\" data-src=\"https:\/\/iletim.istanbul.edu.tr\/wp-content\/uploads\/1000121132-350x250.jpg\" data-srcset=\"https:\/\/iletim.istanbul.edu.tr\/wp-content\/uploads\/1000121132-350x250.jpg 350w, https:\/\/iletim.istanbul.edu.tr\/wp-content\/uploads\/1000121132-120x86.jpg 120w, https:\/\/iletim.istanbul.edu.tr\/wp-content\/uploads\/1000121132-750x536.jpg 750w, https:\/\/iletim.istanbul.edu.tr\/wp-content\/uploads\/1000121132-1140x815.jpg 1140w\" data-sizes=\"auto\" data-expand=\"700\" \/><\/div><\/a>\n                <\/div>\n                <h3 class=\"jeg_post_title\">\n                    <a href=\"https:\/\/iletim.istanbul.edu.tr\/index.php\/2025\/03\/08\/yarim-asirlik-bir-dev-sezen-aksu\/\" data-num=\"01\">Yar\u0131m As\u0131rl\u0131k Bir Dev : Sezen Aksu<\/a>\n                <\/h3>\n                <div class=\"popularpost_meta\">\n                    <div class=\"jeg_socialshare\">\n                        <span class=\"share_count\"><i class=\"fa fa-share-alt\"><\/i> 2 payla\u015f\u0131mlar<\/span>\n                        <div class=\"socialshare_list\">\n                            <a href=\"http:\/\/www.facebook.com\/sharer.php?u=https%3A%2F%2Filetim.istanbul.edu.tr%2Findex.php%2F2025%2F03%2F08%2Fyarim-asirlik-bir-dev-sezen-aksu%2F\" class=\"jeg_share_fb\"><span class=\"share-text\">Payla\u015f\u0131m<\/span> <span class=\"share-count\">0<\/span><\/a>\n                            <a href=\"https:\/\/twitter.com\/intent\/tweet?text=Yar%C4%B1m%20As%C4%B1rl%C4%B1k%20Bir%20Dev%20%3A%20Sezen%20Aksu&url=https%3A%2F%2Filetim.istanbul.edu.tr%2Findex.php%2F2025%2F03%2F08%2Fyarim-asirlik-bir-dev-sezen-aksu%2F\" class=\"jeg_share_tw\"><span class=\"share-text\"><svg xmlns=\"http:\/\/www.w3.org\/2000\/svg\" height=\"1em\" viewBox=\"0 0 512 512\"><!--! Font Awesome Free 6.4.2 by @fontawesome - https:\/\/fontawesome.com License - https:\/\/fontawesome.com\/license (Commercial License) Copyright 2023 Fonticons, Inc. --><path d=\"M389.2 48h70.6L305.6 224.2 487 464H345L233.7 318.6 106.5 464H35.8L200.7 275.5 26.8 48H172.4L272.9 180.9 389.2 48zM364.4 421.8h39.1L151.1 88h-42L364.4 421.8z\"\/><\/svg>Tweet<\/span> <span class=\"share-count\">0<\/span><\/a>\n                        <\/div>\n                    <\/div>\n                <\/div>\n            <\/li><li class=\"popularpost_item format-standard\">\n                <h3 class=\"jeg_post_title\">\n                    <a href=\"https:\/\/iletim.istanbul.edu.tr\/index.php\/2021\/12\/12\/ilk-turk-futbol-takimi-black-stockings-fc-siyah-coraplilar-hafta-sonu-yayinlanacak\/\" data-num=\"02\">\u0130lk T\u00fcrk Futbol Tak\u0131m\u0131: Black Stockings FC (Siyah \u00c7orapl\u0131lar)<\/a>\n                <\/h3>\n                <div class=\"popularpost_meta\">\n                    <div class=\"jeg_socialshare\">\n                        <span class=\"share_count\"><i class=\"fa fa-share-alt\"><\/i> 0 payla\u015f\u0131mlar<\/span>\n                        <div class=\"socialshare_list\">\n                            <a href=\"http:\/\/www.facebook.com\/sharer.php?u=https%3A%2F%2Filetim.istanbul.edu.tr%2Findex.php%2F2021%2F12%2F12%2Filk-turk-futbol-takimi-black-stockings-fc-siyah-coraplilar-hafta-sonu-yayinlanacak%2F\" class=\"jeg_share_fb\"><span class=\"share-text\">Payla\u015f\u0131m<\/span> <span class=\"share-count\">0<\/span><\/a>\n                            <a href=\"https:\/\/twitter.com\/intent\/tweet?text=%C4%B0lk%20T%C3%BCrk%20Futbol%20Tak%C4%B1m%C4%B1%3A%20Black%20Stockings%20FC%20%28Siyah%20%C3%87orapl%C4%B1lar%29&url=https%3A%2F%2Filetim.istanbul.edu.tr%2Findex.php%2F2021%2F12%2F12%2Filk-turk-futbol-takimi-black-stockings-fc-siyah-coraplilar-hafta-sonu-yayinlanacak%2F\" class=\"jeg_share_tw\"><span class=\"share-text\"><svg xmlns=\"http:\/\/www.w3.org\/2000\/svg\" height=\"1em\" viewBox=\"0 0 512 512\"><!--! Font Awesome Free 6.4.2 by @fontawesome - https:\/\/fontawesome.com License - https:\/\/fontawesome.com\/license (Commercial License) Copyright 2023 Fonticons, Inc. --><path d=\"M389.2 48h70.6L305.6 224.2 487 464H345L233.7 318.6 106.5 464H35.8L200.7 275.5 26.8 48H172.4L272.9 180.9 389.2 48zM364.4 421.8h39.1L151.1 88h-42L364.4 421.8z\"\/><\/svg>Tweet<\/span> <span class=\"share-count\">0<\/span><\/a>\n                        <\/div>\n                    <\/div>\n                <\/div>\n            <\/li><li class=\"popularpost_item format-standard\">\n                <h3 class=\"jeg_post_title\">\n                    <a href=\"https:\/\/iletim.istanbul.edu.tr\/index.php\/2019\/10\/24\/kamondo-merdivenlerinin-bilinmeyen-hikayesi\/\" data-num=\"03\">Kamondo Merdivenleri&#8217;nin Bilinmeyen Hikayesi<\/a>\n                <\/h3>\n                <div class=\"popularpost_meta\">\n                    <div class=\"jeg_socialshare\">\n                        <span class=\"share_count\"><i class=\"fa fa-share-alt\"><\/i> 0 payla\u015f\u0131mlar<\/span>\n                        <div class=\"socialshare_list\">\n                            <a href=\"http:\/\/www.facebook.com\/sharer.php?u=https%3A%2F%2Filetim.istanbul.edu.tr%2Findex.php%2F2019%2F10%2F24%2Fkamondo-merdivenlerinin-bilinmeyen-hikayesi%2F\" class=\"jeg_share_fb\"><span class=\"share-text\">Payla\u015f\u0131m<\/span> <span class=\"share-count\">0<\/span><\/a>\n                            <a href=\"https:\/\/twitter.com\/intent\/tweet?text=Kamondo%20Merdivenleri%E2%80%99nin%20Bilinmeyen%20Hikayesi&url=https%3A%2F%2Filetim.istanbul.edu.tr%2Findex.php%2F2019%2F10%2F24%2Fkamondo-merdivenlerinin-bilinmeyen-hikayesi%2F\" class=\"jeg_share_tw\"><span class=\"share-text\"><svg xmlns=\"http:\/\/www.w3.org\/2000\/svg\" height=\"1em\" viewBox=\"0 0 512 512\"><!--! Font Awesome Free 6.4.2 by @fontawesome - https:\/\/fontawesome.com License - https:\/\/fontawesome.com\/license (Commercial License) Copyright 2023 Fonticons, Inc. --><path d=\"M389.2 48h70.6L305.6 224.2 487 464H345L233.7 318.6 106.5 464H35.8L200.7 275.5 26.8 48H172.4L272.9 180.9 389.2 48zM364.4 421.8h39.1L151.1 88h-42L364.4 421.8z\"\/><\/svg>Tweet<\/span> <span class=\"share-count\">0<\/span><\/a>\n                        <\/div>\n                    <\/div>\n                <\/div>\n            <\/li><li class=\"popularpost_item format-standard\">\n                <h3 class=\"jeg_post_title\">\n                    <a href=\"https:\/\/iletim.istanbul.edu.tr\/index.php\/2023\/01\/11\/tarihten-4-ilginc-bilgi\/\" data-num=\"04\">Tarihten 4 \u0130lgin\u00e7 Bilgi<\/a>\n                <\/h3>\n                <div class=\"popularpost_meta\">\n                    <div class=\"jeg_socialshare\">\n                        <span class=\"share_count\"><i class=\"fa fa-share-alt\"><\/i> 0 payla\u015f\u0131mlar<\/span>\n                        <div class=\"socialshare_list\">\n                            <a href=\"http:\/\/www.facebook.com\/sharer.php?u=https%3A%2F%2Filetim.istanbul.edu.tr%2Findex.php%2F2023%2F01%2F11%2Ftarihten-4-ilginc-bilgi%2F\" class=\"jeg_share_fb\"><span class=\"share-text\">Payla\u015f\u0131m<\/span> <span class=\"share-count\">0<\/span><\/a>\n                            <a href=\"https:\/\/twitter.com\/intent\/tweet?text=Tarihten%204%20%C4%B0lgin%C3%A7%20Bilgi&url=https%3A%2F%2Filetim.istanbul.edu.tr%2Findex.php%2F2023%2F01%2F11%2Ftarihten-4-ilginc-bilgi%2F\" class=\"jeg_share_tw\"><span class=\"share-text\"><svg xmlns=\"http:\/\/www.w3.org\/2000\/svg\" height=\"1em\" viewBox=\"0 0 512 512\"><!--! Font Awesome Free 6.4.2 by @fontawesome - https:\/\/fontawesome.com License - https:\/\/fontawesome.com\/license (Commercial License) Copyright 2023 Fonticons, Inc. --><path d=\"M389.2 48h70.6L305.6 224.2 487 464H345L233.7 318.6 106.5 464H35.8L200.7 275.5 26.8 48H172.4L272.9 180.9 389.2 48zM364.4 421.8h39.1L151.1 88h-42L364.4 421.8z\"\/><\/svg>Tweet<\/span> <span class=\"share-count\">0<\/span><\/a>\n                        <\/div>\n                    <\/div>\n                <\/div>\n            <\/li><li class=\"popularpost_item format-standard\">\n                <h3 class=\"jeg_post_title\">\n                    <a href=\"https:\/\/iletim.istanbul.edu.tr\/index.php\/2024\/01\/22\/psikoloji-tutkunlarinin-izlemesi-gereken-7-film\/\" data-num=\"05\">Psikoloji Tutkunlar\u0131n\u0131n \u0130zlemesi Gereken 7 Film<\/a>\n                <\/h3>\n                <div class=\"popularpost_meta\">\n                    <div class=\"jeg_socialshare\">\n                        <span class=\"share_count\"><i class=\"fa fa-share-alt\"><\/i> 0 payla\u015f\u0131mlar<\/span>\n                        <div class=\"socialshare_list\">\n                            <a href=\"http:\/\/www.facebook.com\/sharer.php?u=https%3A%2F%2Filetim.istanbul.edu.tr%2Findex.php%2F2024%2F01%2F22%2Fpsikoloji-tutkunlarinin-izlemesi-gereken-7-film%2F\" class=\"jeg_share_fb\"><span class=\"share-text\">Payla\u015f\u0131m<\/span> <span class=\"share-count\">0<\/span><\/a>\n                            <a href=\"https:\/\/twitter.com\/intent\/tweet?text=Psikoloji%20Tutkunlar%C4%B1n%C4%B1n%20%C4%B0zlemesi%20Gereken%207%20Film&url=https%3A%2F%2Filetim.istanbul.edu.tr%2Findex.php%2F2024%2F01%2F22%2Fpsikoloji-tutkunlarinin-izlemesi-gereken-7-film%2F\" class=\"jeg_share_tw\"><span class=\"share-text\"><svg xmlns=\"http:\/\/www.w3.org\/2000\/svg\" height=\"1em\" viewBox=\"0 0 512 512\"><!--! Font Awesome Free 6.4.2 by @fontawesome - https:\/\/fontawesome.com License - https:\/\/fontawesome.com\/license (Commercial License) Copyright 2023 Fonticons, Inc. --><path d=\"M389.2 48h70.6L305.6 224.2 487 464H345L233.7 318.6 106.5 464H35.8L200.7 275.5 26.8 48H172.4L272.9 180.9 389.2 48zM364.4 421.8h39.1L151.1 88h-42L364.4 421.8z\"\/><\/svg>Tweet<\/span> <span class=\"share-count\">0<\/span><\/a>\n                        <\/div>\n                    <\/div>\n                <\/div>\n            <\/li><\/ul>[\/vc_column][vc_column width=&#8221;1\/4&#8243; sticky_sidebar=&#8221;yes&#8221; offset=&#8221;vc_col-sm-4 vc_col-md-3&#8243;]<div  class=\"jeg_postblock_18 jeg_postblock jeg_module_hook jeg_pagination_disable jeg_col_3o3 jnews_module__6_69f4904c2b5e5   \" data-unique=\"jnews_module__6_69f4904c2b5e5\">\n\t\t\t\t\t<div class=\"jeg_block_heading jeg_block_heading_6 jeg_subcat_right\">\n                     <h3 class=\"jeg_block_title\"><span>SPOR<\/span><\/h3>\n                     \n                 <\/div>\n\t\t\t\t\t<div class=\"jeg_block_container\">\n\t\t\t\t\t\n\t\t\t\t\t<div class=\"jeg_posts jeg_load_more_flag\"><article class=\"jeg_post jeg_pl_lg_8 format-standard\">\n\t\t\t\t\t<div class=\"jeg_postblock_heading\">\n\t\t\t\t\t\t<h3 class=\"jeg_post_title\">\n\t\t\t\t\t\t\t<a href=\"https:\/\/iletim.istanbul.edu.tr\/index.php\/2026\/04\/27\/iletim-gazetesi-nisan-2026-sayisi-yayinda\/\">\u0130LET\u0130M GAZETES\u0130 N\u0130SAN 2026 SAYISI YAYINDA!<\/a>\n\t\t\t\t\t\t<\/h3>\n\t\t\t\t\t<\/div>\n\t\t\t\t\t<div class=\"jeg_postblock_content\">\n\t\t\t\t\t\t<div class=\"jeg_thumb\">\n\t\t\t\t\t\t\t\n\t\t\t\t\t\t\t<a href=\"https:\/\/iletim.istanbul.edu.tr\/index.php\/2026\/04\/27\/iletim-gazetesi-nisan-2026-sayisi-yayinda\/\" aria-label=\"Read article: \u0130LET\u0130M GAZETES\u0130 N\u0130SAN 2026 SAYISI YAYINDA!\"><div class=\"thumbnail-container animate-lazy\" style=\"padding-bottom:87.333%\"><img loading=\"lazy\" decoding=\"async\" width=\"750\" height=\"655\" src=\"https:\/\/iletim.istanbul.edu.tr\/wp-content\/themes\/jnews\/assets\/img\/jeg-empty.png\" class=\"attachment-jnews-featured-750 size-jnews-featured-750 lazyload wp-post-image\" alt=\"\u0130LET\u0130M GAZETES\u0130 N\u0130SAN 2026 SAYISI YAYINDA!\" sizes=\"auto, (max-width: 750px) 100vw, 750px\" data-src=\"https:\/\/iletim.istanbul.edu.tr\/wp-content\/uploads\/gercekten-bitti-01-scaled-e1777294333148-750x655.png\" data-srcset=\"https:\/\/iletim.istanbul.edu.tr\/wp-content\/uploads\/gercekten-bitti-01-scaled-e1777294333148-750x655.png 750w, https:\/\/iletim.istanbul.edu.tr\/wp-content\/uploads\/gercekten-bitti-01-scaled-e1777294333148-300x262.png 300w, https:\/\/iletim.istanbul.edu.tr\/wp-content\/uploads\/gercekten-bitti-01-scaled-e1777294333148-1024x894.png 1024w, https:\/\/iletim.istanbul.edu.tr\/wp-content\/uploads\/gercekten-bitti-01-scaled-e1777294333148-768x670.png 768w, https:\/\/iletim.istanbul.edu.tr\/wp-content\/uploads\/gercekten-bitti-01-scaled-e1777294333148-1536x1341.png 1536w, https:\/\/iletim.istanbul.edu.tr\/wp-content\/uploads\/gercekten-bitti-01-scaled-e1777294333148-1140x995.png 1140w, https:\/\/iletim.istanbul.edu.tr\/wp-content\/uploads\/gercekten-bitti-01-scaled-e1777294333148.png 1810w\" data-sizes=\"auto\" data-expand=\"700\" \/><\/div><\/a>\n\t\t\t\t\t\t<\/div>\n\t\t\t\t\t\t<div class=\"jeg_post_meta\"><div class=\"jeg_meta_author\"><span class=\"by\">Taraf\u0131ndan<\/span> <a href=\"https:\/\/iletim.istanbul.edu.tr\/index.php\/author\/iletim\/\">\u0130LET\u0130M<\/a><\/div><div class=\"jeg_meta_date\"><a href=\"https:\/\/iletim.istanbul.edu.tr\/index.php\/2026\/04\/27\/iletim-gazetesi-nisan-2026-sayisi-yayinda\/\"><i class=\"fa fa-clock-o\"><\/i> 27 Nisan 2026<\/a><\/div><div class=\"jeg_meta_comment\"><a href=\"https:\/\/iletim.istanbul.edu.tr\/index.php\/2026\/04\/27\/iletim-gazetesi-nisan-2026-sayisi-yayinda\/#comments\" ><i class=\"fa fa-comment-o\"><\/i> 0 <\/a><\/div><\/div>\n\t\t\t\t\t\t<div class=\"jeg_share_button clearfix\">\n\t\t\t\t\t\t\t<div class='jeg_reaction jeg_meta_like'>\n\t\t\t\t\t\t\t\t\n\t\t\t\t\t\t\t<\/div>\n\t\t\t\t\t\t\t<div class=\"jeg_sharelist\">\n                <a href=\"http:\/\/www.facebook.com\/sharer.php?u=https%3A%2F%2Filetim.istanbul.edu.tr%2Findex.php%2F2026%2F04%2F27%2Filetim-gazetesi-nisan-2026-sayisi-yayinda%2F\" rel='nofollow' class=\"jeg_btn-facebook expanded\"><i class=\"fa fa-facebook-official\"><\/i><span>Payla\u015f\u0131m<\/span><\/a><a href=\"https:\/\/twitter.com\/intent\/tweet?text=%C4%B0LET%C4%B0M%20GAZETES%C4%B0%20N%C4%B0SAN%202026%20SAYISI%20YAYINDA%21&url=https%3A%2F%2Filetim.istanbul.edu.tr%2Findex.php%2F2026%2F04%2F27%2Filetim-gazetesi-nisan-2026-sayisi-yayinda%2F\" rel='nofollow' class=\"jeg_btn-twitter expanded\"><i class=\"fa fa-twitter\"><svg xmlns=\"http:\/\/www.w3.org\/2000\/svg\" height=\"1em\" viewBox=\"0 0 512 512\"><!--! Font Awesome Free 6.4.2 by @fontawesome - https:\/\/fontawesome.com License - https:\/\/fontawesome.com\/license (Commercial License) Copyright 2023 Fonticons, Inc. --><path d=\"M389.2 48h70.6L305.6 224.2 487 464H345L233.7 318.6 106.5 464H35.8L200.7 275.5 26.8 48H172.4L272.9 180.9 389.2 48zM364.4 421.8h39.1L151.1 88h-42L364.4 421.8z\"\/><\/svg><\/i><span>Tweet<\/span><\/a>\n            <\/div>\n\t\t\t\t\t\t<\/div>\n\t\t\t\t\t<\/div>\n\t\t\t\t<\/article><article class=\"jeg_post jeg_pl_lg_8 format-standard\">\n\t\t\t\t\t<div class=\"jeg_postblock_heading\">\n\t\t\t\t\t\t<h3 class=\"jeg_post_title\">\n\t\t\t\t\t\t\t<a href=\"https:\/\/iletim.istanbul.edu.tr\/index.php\/2026\/04\/20\/erzurumda-beraberlik-5-yil-sonra-super-lig-bileti-getirdi\/\">Erzurum\u2019da Beraberlik, 5 Y\u0131l Sonra S\u00fcper Lig Bileti Getirdi<\/a>\n\t\t\t\t\t\t<\/h3>\n\t\t\t\t\t<\/div>\n\t\t\t\t\t<div class=\"jeg_postblock_content\">\n\t\t\t\t\t\t<div class=\"jeg_thumb\">\n\t\t\t\t\t\t\t\n\t\t\t\t\t\t\t<a href=\"https:\/\/iletim.istanbul.edu.tr\/index.php\/2026\/04\/20\/erzurumda-beraberlik-5-yil-sonra-super-lig-bileti-getirdi\/\" aria-label=\"Read article: Erzurum\u2019da Beraberlik, 5 Y\u0131l Sonra S\u00fcper Lig Bileti Getirdi\"><div class=\"thumbnail-container animate-lazy\" style=\"padding-bottom:49.6%\"><img loading=\"lazy\" decoding=\"async\" width=\"750\" height=\"372\" src=\"https:\/\/iletim.istanbul.edu.tr\/wp-content\/themes\/jnews\/assets\/img\/jeg-empty.png\" class=\"attachment-jnews-featured-750 size-jnews-featured-750 lazyload wp-post-image\" alt=\"Erzurum\u2019da Beraberlik, 5 Y\u0131l Sonra S\u00fcper Lig Bileti Getirdi\" sizes=\"auto, (max-width: 750px) 100vw, 750px\" data-src=\"https:\/\/iletim.istanbul.edu.tr\/wp-content\/uploads\/img-4133-e1776693868836-750x372.jpg\" data-srcset=\"https:\/\/iletim.istanbul.edu.tr\/wp-content\/uploads\/img-4133-e1776693868836-750x372.jpg 750w, https:\/\/iletim.istanbul.edu.tr\/wp-content\/uploads\/img-4133-e1776693868836-300x149.jpg 300w, https:\/\/iletim.istanbul.edu.tr\/wp-content\/uploads\/img-4133-e1776693868836-1024x508.jpg 1024w, https:\/\/iletim.istanbul.edu.tr\/wp-content\/uploads\/img-4133-e1776693868836-768x381.jpg 768w, https:\/\/iletim.istanbul.edu.tr\/wp-content\/uploads\/img-4133-e1776693868836-360x180.jpg 360w, https:\/\/iletim.istanbul.edu.tr\/wp-content\/uploads\/img-4133-e1776693868836-1140x565.jpg 1140w, https:\/\/iletim.istanbul.edu.tr\/wp-content\/uploads\/img-4133-e1776693868836.jpg 1170w\" data-sizes=\"auto\" data-expand=\"700\" \/><\/div><p class=\"wp-caption-text\">Screenshot<\/p><\/a>\n\t\t\t\t\t\t<\/div>\n\t\t\t\t\t\t<div class=\"jeg_post_meta\"><div class=\"jeg_meta_author\"><span class=\"by\">Taraf\u0131ndan<\/span> <a href=\"https:\/\/iletim.istanbul.edu.tr\/index.php\/author\/iletim\/\">\u0130LET\u0130M<\/a><\/div><div class=\"jeg_meta_date\"><a href=\"https:\/\/iletim.istanbul.edu.tr\/index.php\/2026\/04\/20\/erzurumda-beraberlik-5-yil-sonra-super-lig-bileti-getirdi\/\"><i class=\"fa fa-clock-o\"><\/i> 20 Nisan 2026<\/a><\/div><div class=\"jeg_meta_comment\"><a href=\"https:\/\/iletim.istanbul.edu.tr\/index.php\/2026\/04\/20\/erzurumda-beraberlik-5-yil-sonra-super-lig-bileti-getirdi\/#comments\" ><i class=\"fa fa-comment-o\"><\/i> 0 <\/a><\/div><\/div>\n\t\t\t\t\t\t<div class=\"jeg_share_button clearfix\">\n\t\t\t\t\t\t\t<div class='jeg_reaction jeg_meta_like'>\n\t\t\t\t\t\t\t\t\n\t\t\t\t\t\t\t<\/div>\n\t\t\t\t\t\t\t<div class=\"jeg_sharelist\">\n                <a href=\"http:\/\/www.facebook.com\/sharer.php?u=https%3A%2F%2Filetim.istanbul.edu.tr%2Findex.php%2F2026%2F04%2F20%2Ferzurumda-beraberlik-5-yil-sonra-super-lig-bileti-getirdi%2F\" rel='nofollow' class=\"jeg_btn-facebook expanded\"><i class=\"fa fa-facebook-official\"><\/i><span>Payla\u015f\u0131m<\/span><\/a><a href=\"https:\/\/twitter.com\/intent\/tweet?text=Erzurum%E2%80%99da%20Beraberlik%2C%205%20Y%C4%B1l%20Sonra%20S%C3%BCper%20Lig%20Bileti%20Getirdi&url=https%3A%2F%2Filetim.istanbul.edu.tr%2Findex.php%2F2026%2F04%2F20%2Ferzurumda-beraberlik-5-yil-sonra-super-lig-bileti-getirdi%2F\" rel='nofollow' class=\"jeg_btn-twitter expanded\"><i class=\"fa fa-twitter\"><svg xmlns=\"http:\/\/www.w3.org\/2000\/svg\" height=\"1em\" viewBox=\"0 0 512 512\"><!--! Font Awesome Free 6.4.2 by @fontawesome - https:\/\/fontawesome.com License - https:\/\/fontawesome.com\/license (Commercial License) Copyright 2023 Fonticons, Inc. --><path d=\"M389.2 48h70.6L305.6 224.2 487 464H345L233.7 318.6 106.5 464H35.8L200.7 275.5 26.8 48H172.4L272.9 180.9 389.2 48zM364.4 421.8h39.1L151.1 88h-42L364.4 421.8z\"\/><\/svg><\/i><span>Tweet<\/span><\/a>\n            <\/div>\n\t\t\t\t\t\t<\/div>\n\t\t\t\t\t<\/div>\n\t\t\t\t<\/article><article class=\"jeg_post jeg_pl_lg_8 format-standard\">\n\t\t\t\t\t<div class=\"jeg_postblock_heading\">\n\t\t\t\t\t\t<h3 class=\"jeg_post_title\">\n\t\t\t\t\t\t\t<a href=\"https:\/\/iletim.istanbul.edu.tr\/index.php\/2026\/04\/20\/kullerinden-dogan-bursaspor-1-ligde\/\">K\u00fcllerinden Do\u011fan Bursaspor 1. Lig&#8217;de<\/a>\n\t\t\t\t\t\t<\/h3>\n\t\t\t\t\t<\/div>\n\t\t\t\t\t<div class=\"jeg_postblock_content\">\n\t\t\t\t\t\t<div class=\"jeg_thumb\">\n\t\t\t\t\t\t\t\n\t\t\t\t\t\t\t<a href=\"https:\/\/iletim.istanbul.edu.tr\/index.php\/2026\/04\/20\/kullerinden-dogan-bursaspor-1-ligde\/\" aria-label=\"Read article: K\u00fcllerinden Do\u011fan Bursaspor 1. Lig&#8217;de\"><div class=\"thumbnail-container animate-lazy\" style=\"padding-bottom:47.867%\"><img loading=\"lazy\" decoding=\"async\" width=\"750\" height=\"359\" src=\"https:\/\/iletim.istanbul.edu.tr\/wp-content\/themes\/jnews\/assets\/img\/jeg-empty.png\" class=\"attachment-jnews-featured-750 size-jnews-featured-750 lazyload wp-post-image\" alt=\"K\u00fcllerinden Do\u011fan Bursaspor 1. Lig&#8217;de\" sizes=\"auto, (max-width: 750px) 100vw, 750px\" data-src=\"https:\/\/iletim.istanbul.edu.tr\/wp-content\/uploads\/img-4127-e1776693585165-750x359.jpg\" data-srcset=\"https:\/\/iletim.istanbul.edu.tr\/wp-content\/uploads\/img-4127-e1776693585165-750x359.jpg 750w, https:\/\/iletim.istanbul.edu.tr\/wp-content\/uploads\/img-4127-e1776693585165-300x144.jpg 300w, https:\/\/iletim.istanbul.edu.tr\/wp-content\/uploads\/img-4127-e1776693585165-1024x490.jpg 1024w, https:\/\/iletim.istanbul.edu.tr\/wp-content\/uploads\/img-4127-e1776693585165-768x368.jpg 768w, https:\/\/iletim.istanbul.edu.tr\/wp-content\/uploads\/img-4127-e1776693585165-1140x546.jpg 1140w, https:\/\/iletim.istanbul.edu.tr\/wp-content\/uploads\/img-4127-e1776693585165.jpg 1170w\" data-sizes=\"auto\" data-expand=\"700\" \/><\/div><p class=\"wp-caption-text\">Screenshot<\/p><\/a>\n\t\t\t\t\t\t<\/div>\n\t\t\t\t\t\t<div class=\"jeg_post_meta\"><div class=\"jeg_meta_author\"><span class=\"by\">Taraf\u0131ndan<\/span> <a href=\"https:\/\/iletim.istanbul.edu.tr\/index.php\/author\/iletim\/\">\u0130LET\u0130M<\/a><\/div><div class=\"jeg_meta_date\"><a href=\"https:\/\/iletim.istanbul.edu.tr\/index.php\/2026\/04\/20\/kullerinden-dogan-bursaspor-1-ligde\/\"><i class=\"fa fa-clock-o\"><\/i> 20 Nisan 2026<\/a><\/div><div class=\"jeg_meta_comment\"><a href=\"https:\/\/iletim.istanbul.edu.tr\/index.php\/2026\/04\/20\/kullerinden-dogan-bursaspor-1-ligde\/#comments\" ><i class=\"fa fa-comment-o\"><\/i> 0 <\/a><\/div><\/div>\n\t\t\t\t\t\t<div class=\"jeg_share_button clearfix\">\n\t\t\t\t\t\t\t<div class='jeg_reaction jeg_meta_like'>\n\t\t\t\t\t\t\t\t\n\t\t\t\t\t\t\t<\/div>\n\t\t\t\t\t\t\t<div class=\"jeg_sharelist\">\n                <a href=\"http:\/\/www.facebook.com\/sharer.php?u=https%3A%2F%2Filetim.istanbul.edu.tr%2Findex.php%2F2026%2F04%2F20%2Fkullerinden-dogan-bursaspor-1-ligde%2F\" rel='nofollow' class=\"jeg_btn-facebook expanded\"><i class=\"fa fa-facebook-official\"><\/i><span>Payla\u015f\u0131m<\/span><\/a><a href=\"https:\/\/twitter.com\/intent\/tweet?text=K%C3%BCllerinden%20Do%C4%9Fan%20Bursaspor%201.%20Lig%E2%80%99de&url=https%3A%2F%2Filetim.istanbul.edu.tr%2Findex.php%2F2026%2F04%2F20%2Fkullerinden-dogan-bursaspor-1-ligde%2F\" rel='nofollow' class=\"jeg_btn-twitter expanded\"><i class=\"fa fa-twitter\"><svg xmlns=\"http:\/\/www.w3.org\/2000\/svg\" height=\"1em\" viewBox=\"0 0 512 512\"><!--! Font Awesome Free 6.4.2 by @fontawesome - https:\/\/fontawesome.com License - https:\/\/fontawesome.com\/license (Commercial License) Copyright 2023 Fonticons, Inc. --><path d=\"M389.2 48h70.6L305.6 224.2 487 464H345L233.7 318.6 106.5 464H35.8L200.7 275.5 26.8 48H172.4L272.9 180.9 389.2 48zM364.4 421.8h39.1L151.1 88h-42L364.4 421.8z\"\/><\/svg><\/i><span>Tweet<\/span><\/a>\n            <\/div>\n\t\t\t\t\t\t<\/div>\n\t\t\t\t\t<\/div>\n\t\t\t\t<\/article><article class=\"jeg_post jeg_pl_lg_8 format-standard\">\n\t\t\t\t\t<div class=\"jeg_postblock_heading\">\n\t\t\t\t\t\t<h3 class=\"jeg_post_title\">\n\t\t\t\t\t\t\t<a href=\"https:\/\/iletim.istanbul.edu.tr\/index.php\/2026\/04\/01\/turkiye-24-yil-sonra-dunya-kupasinda\/\">T\u00fcrkiye 24 Y\u0131l Sonra D\u00fcnya Kupas\u0131\u2019nda<\/a>\n\t\t\t\t\t\t<\/h3>\n\t\t\t\t\t<\/div>\n\t\t\t\t\t<div class=\"jeg_postblock_content\">\n\t\t\t\t\t\t<div class=\"jeg_thumb\">\n\t\t\t\t\t\t\t\n\t\t\t\t\t\t\t<a href=\"https:\/\/iletim.istanbul.edu.tr\/index.php\/2026\/04\/01\/turkiye-24-yil-sonra-dunya-kupasinda\/\" aria-label=\"Read article: T\u00fcrkiye 24 Y\u0131l Sonra D\u00fcnya Kupas\u0131\u2019nda\"><div class=\"thumbnail-container animate-lazy\" style=\"padding-bottom:66.8%\"><img loading=\"lazy\" decoding=\"async\" width=\"750\" height=\"501\" src=\"https:\/\/iletim.istanbul.edu.tr\/wp-content\/themes\/jnews\/assets\/img\/jeg-empty.png\" class=\"attachment-jnews-featured-750 size-jnews-featured-750 lazyload wp-post-image\" alt=\"T\u00fcrkiye 24 Y\u0131l Sonra D\u00fcnya Kupas\u0131\u2019nda\" sizes=\"auto, (max-width: 750px) 100vw, 750px\" data-src=\"https:\/\/iletim.istanbul.edu.tr\/wp-content\/uploads\/img-1763-1-750x501.jpg\" data-srcset=\"https:\/\/iletim.istanbul.edu.tr\/wp-content\/uploads\/img-1763-1-750x501.jpg 750w, https:\/\/iletim.istanbul.edu.tr\/wp-content\/uploads\/img-1763-1-300x201.jpg 300w, https:\/\/iletim.istanbul.edu.tr\/wp-content\/uploads\/img-1763-1-1024x684.jpg 1024w, https:\/\/iletim.istanbul.edu.tr\/wp-content\/uploads\/img-1763-1-768x513.jpg 768w, https:\/\/iletim.istanbul.edu.tr\/wp-content\/uploads\/img-1763-1-1140x762.jpg 1140w, https:\/\/iletim.istanbul.edu.tr\/wp-content\/uploads\/img-1763-1.jpg 1179w\" data-sizes=\"auto\" data-expand=\"700\" \/><\/div><p class=\"wp-caption-text\">Screenshot<\/p><\/a>\n\t\t\t\t\t\t<\/div>\n\t\t\t\t\t\t<div class=\"jeg_post_meta\"><div class=\"jeg_meta_author\"><span class=\"by\">Taraf\u0131ndan<\/span> <a href=\"https:\/\/iletim.istanbul.edu.tr\/index.php\/author\/iletim\/\">\u0130LET\u0130M<\/a><\/div><div class=\"jeg_meta_date\"><a href=\"https:\/\/iletim.istanbul.edu.tr\/index.php\/2026\/04\/01\/turkiye-24-yil-sonra-dunya-kupasinda\/\"><i class=\"fa fa-clock-o\"><\/i> 1 Nisan 2026<\/a><\/div><div class=\"jeg_meta_comment\"><a href=\"https:\/\/iletim.istanbul.edu.tr\/index.php\/2026\/04\/01\/turkiye-24-yil-sonra-dunya-kupasinda\/#comments\" ><i class=\"fa fa-comment-o\"><\/i> 0 <\/a><\/div><\/div>\n\t\t\t\t\t\t<div class=\"jeg_share_button clearfix\">\n\t\t\t\t\t\t\t<div class='jeg_reaction jeg_meta_like'>\n\t\t\t\t\t\t\t\t\n\t\t\t\t\t\t\t<\/div>\n\t\t\t\t\t\t\t<div class=\"jeg_sharelist\">\n                <a href=\"http:\/\/www.facebook.com\/sharer.php?u=https%3A%2F%2Filetim.istanbul.edu.tr%2Findex.php%2F2026%2F04%2F01%2Fturkiye-24-yil-sonra-dunya-kupasinda%2F\" rel='nofollow' class=\"jeg_btn-facebook expanded\"><i class=\"fa fa-facebook-official\"><\/i><span>Payla\u015f\u0131m<\/span><\/a><a href=\"https:\/\/twitter.com\/intent\/tweet?text=T%C3%BCrkiye%2024%20Y%C4%B1l%20Sonra%20D%C3%BCnya%20Kupas%C4%B1%E2%80%99nda&url=https%3A%2F%2Filetim.istanbul.edu.tr%2Findex.php%2F2026%2F04%2F01%2Fturkiye-24-yil-sonra-dunya-kupasinda%2F\" rel='nofollow' class=\"jeg_btn-twitter expanded\"><i class=\"fa fa-twitter\"><svg xmlns=\"http:\/\/www.w3.org\/2000\/svg\" height=\"1em\" viewBox=\"0 0 512 512\"><!--! Font Awesome Free 6.4.2 by @fontawesome - https:\/\/fontawesome.com License - https:\/\/fontawesome.com\/license (Commercial License) Copyright 2023 Fonticons, Inc. --><path d=\"M389.2 48h70.6L305.6 224.2 487 464H345L233.7 318.6 106.5 464H35.8L200.7 275.5 26.8 48H172.4L272.9 180.9 389.2 48zM364.4 421.8h39.1L151.1 88h-42L364.4 421.8z\"\/><\/svg><\/i><span>Tweet<\/span><\/a>\n            <\/div>\n\t\t\t\t\t\t<\/div>\n\t\t\t\t\t<\/div>\n\t\t\t\t<\/article><\/div>\n\t\t\t\t\t<div class='module-overlay'>\n\t\t\t\t    <div class='preloader_type preloader_dot'>\n\t\t\t\t        <div class=\"module-preloader jeg_preloader dot\">\n\t\t\t\t            <span><\/span><span><\/span><span><\/span>\n\t\t\t\t        <\/div>\n\t\t\t\t        <div class=\"module-preloader jeg_preloader circle\">\n\t\t\t\t            <div class=\"jnews_preloader_circle_outer\">\n\t\t\t\t                <div class=\"jnews_preloader_circle_inner\"><\/div>\n\t\t\t\t            <\/div>\n\t\t\t\t        <\/div>\n\t\t\t\t        <div class=\"module-preloader jeg_preloader square\">\n\t\t\t\t            <div class=\"jeg_square\">\n\t\t\t\t                <div class=\"jeg_square_inner\"><\/div>\n\t\t\t\t            <\/div>\n\t\t\t\t        <\/div>\n\t\t\t\t    <\/div>\n\t\t\t\t<\/div>\n\t\t\t\t<\/div>\n\t\t\t\t<div class=\"jeg_block_navigation\">\n\t\t\t\t\t<div class='navigation_overlay'><div class='module-preloader jeg_preloader'><span><\/span><span><\/span><span><\/span><\/div><\/div>\n\t\t\t\t\t\n\t\t\t\t\t\n\t\t\t\t<\/div>\n\t\t\t\t\t\n\t\t\t\t\t<script>var jnews_module__6_69f4904c2b5e5 = {\"header_icon\":\"\",\"first_title\":\"SPOR\",\"second_title\":\"\",\"url\":\"\",\"header_type\":\"heading_6\",\"header_background\":\"\",\"header_secondary_background\":\"\",\"header_text_color\":\"\",\"header_line_color\":\"\",\"header_accent_color\":\"\",\"header_filter_category\":\"\",\"header_filter_author\":\"\",\"header_filter_tag\":\"\",\"header_filter_text\":\"All\",\"sticky_post\":\"\",\"post_type\":\"post\",\"content_type\":\"all\",\"sponsor\":\"\",\"number_post\":\"4\",\"post_offset\":\"0\",\"unique_content\":\"disable\",\"include_post\":\"\",\"included_only\":\"\",\"exclude_post\":\"\",\"include_category\":\"33\",\"exclude_category\":\"\",\"include_author\":\"\",\"include_tag\":\"\",\"exclude_tag\":\"\",\"exclude_visited_post\":false,\"sort_by\":\"latest\",\"date_format\":\"default\",\"date_format_custom\":\"Y\\\/m\\\/d\",\"force_normal_image_load\":\"\",\"main_custom_image_size\":\"default\",\"pagination_mode\":\"disable\",\"pagination_nextprev_showtext\":\"\",\"pagination_number_post\":4,\"pagination_scroll_limit\":0,\"ads_type\":\"disable\",\"ads_position\":1,\"ads_random\":\"\",\"ads_image\":\"\",\"ads_image_tablet\":\"\",\"ads_image_phone\":\"\",\"ads_image_link\":\"\",\"ads_image_alt\":\"\",\"ads_image_new_tab\":\"\",\"google_publisher_id\":\"\",\"google_slot_id\":\"\",\"google_desktop\":\"auto\",\"google_tab\":\"auto\",\"google_phone\":\"auto\",\"content\":\"\",\"ads_bottom_text\":\"\",\"boxed\":\"\",\"boxed_shadow\":\"\",\"el_id\":\"\",\"el_class\":\"\",\"scheme\":\"\",\"column_width\":\"auto\",\"title_color\":\"\",\"accent_color\":\"\",\"alt_color\":\"\",\"excerpt_color\":\"\",\"css\":\"\",\"compatible_column_notice\":\"\",\"paged\":1,\"column_class\":\"jeg_col_3o3\",\"class\":\"jnews_block_18\"};<\/script>\n\t\t\t\t<\/div>[\/vc_column][\/vc_row]<\/p>\n<\/div>","protected":false},"excerpt":{"rendered":"<p>[vc_row full_width=&#8221;stretch_row&#8221; vc_row_background=&#8221;&#8221; css=&#8221;.vc_custom_1520846852047{margin-top: -30px !important;border-bottom-width: 1px !important;border-bottom-color: #e0e0e0 !important;border-bottom-style: solid !important;}&#8221;][vc_column offset=&#8221;vc_hidden-lg vc_hidden-md&#8221;][vc_empty_space height=&#8221;10px&#8221;][\/vc_column][vc_column][\/vc_column][\/vc_row][vc_row full_width=&#8221;stretch_row&#8221; vc_row_background=&#8221;&#8221; css=&#8221;.vc_custom_1521098579413{margin-bottom: 40px !important;border-bottom-width: 1px !important;background-color: #f7f7f7 !important;border-bottom-color: #eeeeee !important;border-bottom-style: solid !important;}&#8221;][vc_column width=&#8221;2\/3&#8243; offset=&#8221;vc_hidden-sm vc_hidden-xs&#8221;][vc_empty_space height=&#8221;15px&#8221;][\/vc_column][vc_column width=&#8221;1\/3&#8243;][\/vc_column][\/vc_row][vc_row][vc_column width=&#8221;2\/4&#8243; offset=&#8221;vc_col-sm-8 vc_col-md-6&#8243;][\/vc_column][vc_column width=&#8221;1\/4&#8243; sticky_sidebar=&#8221;yes&#8221; offset=&#8221;vc_hidden-sm vc_hidden-xs&#8221;][\/vc_column][vc_column width=&#8221;1\/4&#8243; sticky_sidebar=&#8221;yes&#8221; offset=&#8221;vc_col-sm-4 vc_col-md-3&#8243;][\/vc_column][\/vc_row]<\/p>\n","protected":false},"author":27,"featured_media":0,"parent":0,"menu_order":0,"comment_status":"closed","ping_status":"closed","template":"template-builder.php","meta":{"jnews_page_loop":{"first_title":"Latest Post","header_type":"heading_6","layout":"right-sidebar","sidebar":"default-sidebar","second_sidebar":"default-sidebar","sticky_sidebar":"1","module":"3","excerpt_length":"20","content_date":"default","date_custom":"Y\/m\/d","content_pagination":"nav_1","pagination_align":"center","post_sticky":"0","post_offset":"0","posts_per_page":"5","sort_by":"latest"},"jnews_single_page":{"layout":"no-sidebar","sidebar":"default-sidebar","second_sidebar":"default-sidebar","sticky_sidebar":"1","show_post_title":"1","show_post_breadcrumbs":"1","show_post_featured":"1","share_position":"top","share_color":"share-monocrhome"},"jnews_social_meta":[],"footnotes":""},"class_list":["post-17799","page","type-page","status-publish","hentry"],"_links":{"self":[{"href":"https:\/\/iletim.istanbul.edu.tr\/index.php\/wp-json\/wp\/v2\/pages\/17799","targetHints":{"allow":["GET"]}}],"collection":[{"href":"https:\/\/iletim.istanbul.edu.tr\/index.php\/wp-json\/wp\/v2\/pages"}],"about":[{"href":"https:\/\/iletim.istanbul.edu.tr\/index.php\/wp-json\/wp\/v2\/types\/page"}],"author":[{"embeddable":true,"href":"https:\/\/iletim.istanbul.edu.tr\/index.php\/wp-json\/wp\/v2\/users\/27"}],"replies":[{"embeddable":true,"href":"https:\/\/iletim.istanbul.edu.tr\/index.php\/wp-json\/wp\/v2\/comments?post=17799"}],"version-history":[{"count":8,"href":"https:\/\/iletim.istanbul.edu.tr\/index.php\/wp-json\/wp\/v2\/pages\/17799\/revisions"}],"predecessor-version":[{"id":25275,"href":"https:\/\/iletim.istanbul.edu.tr\/index.php\/wp-json\/wp\/v2\/pages\/17799\/revisions\/25275"}],"wp:attachment":[{"href":"https:\/\/iletim.istanbul.edu.tr\/index.php\/wp-json\/wp\/v2\/media?parent=17799"}],"curies":[{"name":"wp","href":"https:\/\/api.w.org\/{rel}","templated":true}]}}